{"id":7603,"date":"2020-10-28T19:24:37","date_gmt":"2020-10-28T18:24:37","guid":{"rendered":"https:\/\/www.archiv-frau-musik.de\/?page_id=7603"},"modified":"2022-11-12T18:03:25","modified_gmt":"2022-11-12T17:03:25","slug":"silvia-leonor-alvarez-de-la-fuente-1953-2004","status":"publish","type":"page","link":"https:\/\/www.archiv-frau-musik.de\/fr\/silvia-leonor-alvarez-de-la-fuente-1953-2004","title":{"rendered":"Silvia Leonor Alvarez de la Fuente (1953\u20132004)"},"content":{"rendered":"<p><figure id=\"attachment_7622\" aria-describedby=\"caption-attachment-7622\" style=\"width: 313px\" class=\"wp-caption alignright\"><img loading=\"lazy\" decoding=\"async\" class=\"wp-image-7622\" src=\"https:\/\/www.archiv-frau-musik.de\/wp-content\/uploads\/2020\/10\/Portr\u00e4t-Alvarez-1-250x300.jpg\" alt=\"Silvia Leonor Alvarez de la Fuente \u00a9 Archiv Frau und Musik\" width=\"323\" height=\"388\" srcset=\"https:\/\/www.archiv-frau-musik.de\/wp-content\/uploads\/2020\/10\/Portr\u00e4t-Alvarez-1-250x300.jpg 250w, https:\/\/www.archiv-frau-musik.de\/wp-content\/uploads\/2020\/10\/Portr\u00e4t-Alvarez-1.jpg 462w\" sizes=\"auto, (max-width: 323px) 100vw, 323px\" \/><figcaption id=\"caption-attachment-7622\" class=\"wp-caption-text\">Silvia Leonor Alvarez de la Fuente \u00a9 Archiv Frau und Musik<\/figcaption><\/figure><\/p>\n<p><em>\u00ab\u00a0Quand j&rsquo;ai &lsquo;quelque chose \u00e0 dire&rsquo;, je commence \u00e0 \u00eatre compositrice, je travaille longuement et profond\u00e9ment avec la premi\u00e8re \u00e9tincelle, je m&rsquo;informe, je lis, je pense, et je laisse les \u00e9motions musicales agir sur moi et mes techniques\u00a0\u00bb.<\/em><\/p>\n<p>Dans nos archives se trouve une bo\u00eete en carton bleu, sur laquelle est soigneusement not\u00e9: \u00ab\u00a0Musikhochschule Stuttgart doit s&rsquo;occuper des originaux de mes propres compositions et documents (par exemple mon propre titre de professeure). 18.04.2004.\u00a0\u00bb La compositrice Silvia Leonor Alvarez de la Fuente a rassembl\u00e9 ici ses principaux documents, compositions, et esquisses afin de les conserver pour la post\u00e9rit\u00e9. Outre la bo\u00eete bleue, il y a de nombreux classeurs \u2013 tout aussi bien \u00e9crits \u2013 contenant des lettres, des contrats, et des factures. Sans oublier d&rsquo;autres autographes et des \u00e9crits th\u00e9oriques sur la musique. Alvarez de la Fuente \u00e9crit dans l&rsquo;un de ses textes: \u00ab\u00a0La musique se vit. La musique n&rsquo;a pas besoin d&rsquo;\u00eatre justifi\u00e9e par la philosophie, les modes techniques, et les clich\u00e9s. Elle est l&rsquo;un des arts les plus ind\u00e9pendants, les plus beaux et les plus profonds qui soient; c&rsquo;est pourquoi il est difficile et souvent inutile d&rsquo;en parler\u00a0\u00bb. Heureusement, elle a tout de m\u00eame beaucoup \u00e9crit sur la musique \u2013 sur ses propres compositions, et celles des autres.<\/p>\n<p>Silvia Leonor Alvarez de la Fuente est n\u00e9e le 18 mars 1953 \u00e0 Buenos Aires, en Argentine. Elle y a \u00e9tudi\u00e9 la musique et a \u00e9t\u00e9 nomm\u00e9e professeure de composition en 1981. Malgr\u00e9 cela, elle est partie en Allemagne en 1985 pour y \u00e9tudier \u00e0 nouveau la composition. Pourquoi une professeure reprend-elle ses \u00e9tudes? Pourquoi Alvarez de la Fuente va-t-elle en Allemagne? Dans l&rsquo;h\u00e9ritage, la seule r\u00e9ponse possible est une bourse de la Konrad-Adenauer-Stiftung, qui lui a permis d&rsquo;\u00e9tudier en Allemagne.<\/p>\n<h3>L&rsquo;Argentine sous la dictature militaire<\/h3>\n<p>Apr\u00e8s la fin de la guerre et jusque dans les ann\u00e9es 1980, l&rsquo;Argentine \u00e9tait marqu\u00e9e par l&rsquo;instabilit\u00e9 politique et \u00e9conomique. Des coups d&rsquo;\u00c9tat militaires ont r\u00e9guli\u00e8rement mis fin aux processus d\u00e9mocratiques. L&rsquo;enfance d&rsquo;Alvarez de la Fuentes a co\u00efncid\u00e9 avec l&rsquo;\u00e9poque de la dictature de Jorge Rafael Videlas, sous laquelle pr\u00e8s de 30 000 personnes ont disparu, dont de nombreux \u00e9tudiants dont les m\u00e8res ont manifest\u00e9 sur la Plaza de Mayo malgr\u00e9 le danger de mort, entrant ainsi dans l&rsquo;histoire sous le nom de Madres de Plaza de Mayo (M\u00e8res de la Plaza de Mayo). En 1983, le pays est revenu \u00e0 la d\u00e9mocratie. Mais Alvarez de la Fuente pouvait-elle le savoir en 1985, lorsque l&rsquo;opportunit\u00e9 de partir en Allemagne s&rsquo;est pr\u00e9sent\u00e9e ? Est-elle partie pour des raisons politiques? Ou la situation \u00e9conomique \u00e9tait-elle si instable qu&rsquo;elle pla\u00e7ait plus d&rsquo;espoirs dans une activit\u00e9 artistique en Allemagne? Nous ne le savons pas; il n&rsquo;y a pas de documents r\u00e9pondant ces questions dans l&rsquo;h\u00e9ritage.<\/p>\n<figure id=\"attachment_7621\" aria-describedby=\"caption-attachment-7621\" style=\"width: 306px\" class=\"wp-caption alignright\"><img loading=\"lazy\" decoding=\"async\" class=\"wp-image-7621\" src=\"https:\/\/www.archiv-frau-musik.de\/wp-content\/uploads\/2020\/10\/Alvarez-ca.-1985-239x300.jpg\" alt=\"Silvia Leonore Alvarez de la Fuente, ca. 1985 \u00a9 Archiv Frau und Musik\" width=\"316\" height=\"397\" srcset=\"https:\/\/www.archiv-frau-musik.de\/wp-content\/uploads\/2020\/10\/Alvarez-ca.-1985-239x300.jpg 239w, https:\/\/www.archiv-frau-musik.de\/wp-content\/uploads\/2020\/10\/Alvarez-ca.-1985.jpg 576w\" sizes=\"auto, (max-width: 316px) 100vw, 316px\" \/><figcaption id=\"caption-attachment-7621\" class=\"wp-caption-text\">Silvia Leonor Alvarez de la Fuente, ca. 1985 \u00a9 Archiv Frau und Musik<\/figcaption><\/figure>\n<p>Est-ce la musique qui a attir\u00e9 Alvarez de la Fuente en Europe? Tr\u00e8s t\u00f4t, elle s&rsquo;est int\u00e9ress\u00e9e aux compositions d&rsquo;Anton Webern, mais aussi aux fugues de Jean-S\u00e9bastien Bach. Les techniques de composition de la musique dite nouvelle l&rsquo;int\u00e9ressaient; il \u00e9tait donc logique qu&rsquo;elle vienne en Allemagne. Une fois sur place, Milko Kelemen l&rsquo;a accueillie dans sa classe de composition au conservatoire de Stuttgart, o\u00f9 ont \u00e9tudi\u00e9 entre autres \u2013 bien que pas en m\u00eame temps qu&rsquo;Alvarez de la Fuente \u2013 Adriana H\u00f6lszky et Mia Schmidt.<\/p>\n<p>Dans sa propre composition, il \u00e9tait important pour elle d&rsquo;avoir \u00ab\u00a0quelque chose \u00e0 dire\u00a0\u00bb. La mani\u00e8re dont elle \u00ab\u00a0le dit\u00a0\u00bb, l&rsquo;aspect technique, venait pour elle en second lieu. \u00ab\u00a0J&rsquo;\u00e9cris en principe autant que possible en notation traditionnelle. Mes partitions n&rsquo;ont pas l&rsquo;air particuli\u00e8rement excitantes. Je pense que ce qui est important, c&rsquo;est ce que l&rsquo;on entend, et non ce que l&rsquo;on voit\u00a0\u00bb. Compar\u00e9es aux partitions d&rsquo;autres compositeurs de l&rsquo;\u00e9poque \u2013 par exemple aussi de Leni Alexander \u2013 les notations d&rsquo;Alvarez de la Fuente sont effectivement traditionnelles. Ce qui est plut\u00f4t fascinant ici, c&rsquo;est le soin apport\u00e9 aux partitions, aux notes, aux pens\u00e9es qu&rsquo;elle ajoute souvent aux autographes. Le point de d\u00e9part de ses compositions \u00e9tait souvent des textes et des po\u00e8mes de po\u00e8tes sud-am\u00e9ricains, comme Gabriela Mistral ou Jorge Luis Borges. Cela dit, ils n&rsquo;ont pas toujours servi de base \u00e0 des compositions vocales, mais inspiraient parfois \u00e0 Alvarez des compositions purement instrumentales.<\/p>\n<h3>Un r\u00e9seau dans le sud de l&rsquo;Allemagne<\/h3>\n<p>D\u00e9j\u00e0 pendant ses \u00e9tudes, Alvarez de la Fuente disposait d&rsquo;un bon r\u00e9seau sur la sc\u00e8ne musicale allemande (du sud). Ainsi, sa musique a \u00e9t\u00e9 jou\u00e9e pour la premi\u00e8re fois par de nombreux ensembles, et diffus\u00e9e par le S\u00fcddeutscher Rundfunk, notamment sa pi\u00e8ce chorale Tiempo y Sue\u00f1o. Ce qui est surtout int\u00e9ressant, c&rsquo;est son entr\u00e9e dans l&rsquo;Internationale Arbeitskreis Frau und Musik e. V., l&rsquo;association responsable des Archives Frau und Musik, peu de temps apr\u00e8s son d\u00e9m\u00e9nagement en Allemagne. Mais seulement deux ans plus tard, elle quitte l&rsquo;association. Dans une lettre adress\u00e9e \u00e0 la pr\u00e9sidente de l&rsquo;association de l&rsquo;\u00e9poque, Siegrid Ernst, elle d\u00e9crit ses raisons: M\u00eame si elle est d&rsquo;avis \u00ab\u00a0que les femmes ont en g\u00e9n\u00e9ral plus de difficult\u00e9s que les hommes dans leur travail\u00a0\u00bb, la situation politique en Argentine, ainsi que ses probl\u00e8mes de sant\u00e9 et mat\u00e9riels, lui p\u00e8sent tellement qu&rsquo;elle ne peut pas s&rsquo;engager activement pour les objectifs du groupe de travail. On ne trouve pas d&rsquo;autres d\u00e9clarations concr\u00e8tes sur des th\u00e8mes de politique f\u00e9minine dans les papiers d&rsquo;Alvarez de la Fuentes. Mais elle \u00e9tait en contact avec Roswitha Sperber, qui avait fond\u00e9 \u00e0 Heidelberg le festival <em>Komponistinnen gestern-heute<\/em>, et s&rsquo;\u00e9tait engag\u00e9e \u00e0 promouvoir la musique des compositrices. En 1992, l&rsquo;ensemble appartenant au festival a command\u00e9 une composition \u00e0 Alvarez de la Fuente. C&rsquo;est ainsi qu&rsquo;est n\u00e9 Piececitos pour voix, fl\u00fbte, piano, percussion, et bande sonore, bas\u00e9 sur des textes de Gabriela Mistral. Des partitions et un enregistrement de la premi\u00e8re se trouvent dans nos fonds.<\/p>\n<figure id=\"attachment_7620\" aria-describedby=\"caption-attachment-7620\" style=\"width: 287px\" class=\"wp-caption alignright\"><img loading=\"lazy\" decoding=\"async\" class=\"wp-image-7620\" src=\"https:\/\/www.archiv-frau-musik.de\/wp-content\/uploads\/2020\/10\/Alvarez-Tiempo-y-sueno-247x300.jpg\" alt=\"Silvia Leonore Alvarez de la Fuente, Extrait de &quot;Tiempo y sueno&quot; \u00a9 Archives Femme et Musique\" width=\"297\" height=\"361\" srcset=\"https:\/\/www.archiv-frau-musik.de\/wp-content\/uploads\/2020\/10\/Alvarez-Tiempo-y-sueno-247x300.jpg 247w, https:\/\/www.archiv-frau-musik.de\/wp-content\/uploads\/2020\/10\/Alvarez-Tiempo-y-sueno.jpg 635w\" sizes=\"auto, (max-width: 297px) 100vw, 297px\" \/><figcaption id=\"caption-attachment-7620\" class=\"wp-caption-text\">Silvia Leonor Alvarez de la Fuente, Extrait de \u00ab\u00a0Tiempo y sueno\u00a0\u00bb \u00a9 Archives Femme et Musique<\/figcaption><\/figure>\n<p>En 1989, Alvarez de la Fuente a termin\u00e9 ses \u00e9tudes de composition \u00e0 Stuttgart, puis elle a travaill\u00e9 dans diff\u00e9rentes \u00e9coles de musique. Parall\u00e8lement, elle a continu\u00e9 \u00e0 composer. Les derni\u00e8res ann\u00e9es de sa vie ont \u00e9t\u00e9 marqu\u00e9es par la collaboration d&rsquo;Alvarez de la Fuente avec Dietburg Spohr et son ensemble &lt;belcanto&gt; \u2013 Dietburg Spohr Frankfurt. Mais ces ann\u00e9es ont surtout \u00e9t\u00e9 marqu\u00e9es par les souffrances de sant\u00e9 qu&rsquo;Alvarez de la Fuente a laiss\u00e9 entendre d\u00e8s 1986 dans une lettre \u00e0 Siegrid Ernst: elle souffrait probablement d&rsquo;hallucinations et de parano\u00efa \u2013 il n&rsquo;existe pas de diagnostic psychologique. Peu \u00e0 peu, Alvarez de la Fuente a rompu tout contact avec sa famille et ses connaissances, et elle n&rsquo;a presque plus eu l&rsquo;occasion de composer alors que ses classeurs se sont remplis de correspondance m\u00e9dicale. Apr\u00e8s sa mort choisie en 2004, les biens d&rsquo;Alvarez de la Fuente ont \u00e9t\u00e9 transmis, \u00e0 sa demande, \u00e0 Dietburg Spohr, qui les a confi\u00e9s \u2013 \u00e9galement \u00e0 la demande de la compositrice \u2013 aux Archives Frau und Musik. De nombreuses partitions et enregistrements audio s&rsquo;y trouvent, afin d&rsquo;inspirer d&rsquo;autres artistes et de transmettre la musique: \u00ab\u00a0Je ne peux et ne veux pas me fixer sur une seule opinion placide et d\u00e9finitive de la nouvelle musique. Je veux changer et \u00e9voluer en permanence. Le contraire serait la mort de la musique\u00a0\u00bb.<\/p>\n<p>Apr\u00e8s la clarification des droits, de nombreux enregistrements audio, photographies, et autographes provenant de la succession de Silvia Leonor Alvarez de la Fuente seront visibles sur le site des <a href=\"https:\/\/www.digitales-deutsches-frauenarchiv.de\/start\" target=\"_blank\" rel=\"noopener\">Archives Digitales Allemandes des Femmes<\/a>.<\/p>\n<p>Dans le cadre du projet <em><a href=\"https:\/\/www.archiv-frau-musik.de\/fr\/woraufwartenwir\">Worauf warten wir<\/a>?<\/em>, une dissertation personnelle sur Silvia Leonor Alvarez de la Fuentes a \u00e9t\u00e9 publi\u00e9e sur le site Archives Digitales Allemandes des Femmes.<\/p>\n<p>Litt\u00e9rature compl\u00e9mentaire<\/p>\n<ul>\n<li>Spohr, Dietburg: <em>&#8230;perdu&#8230;Stationen eines Lebens. Silvia Leonor Alvarez de la Fuente<\/em>, dans: Archiv Frau und Musik (\u00e9d.): <em>VivaVoce<\/em> Nr. 71, 2005.<\/li>\n<li>Koch, Gerhard R.: <em>Zum Tod der argentinischen Komponistin Silvia Alvarez de la Fuent<\/em>e, dans: Archiv Frau und Musik (Hg.): <em>VivaVoc<\/em>e Nr. 68, Sommer 2004.<\/li>\n<li>Lienhard, Daniel: <em>Silvia Alvarez de la Fuente: une vie sur deux continent<\/em>s, dans: <em>clingKlong<\/em>, n\u00b0 52, 2004.<\/li>\n<\/ul>\n<p><\/p>","protected":false},"excerpt":{"rendered":"<p>\u00ab\u00a0Quand j&rsquo;ai &lsquo;quelque chose \u00e0 dire&rsquo;, je commence \u00e0 \u00eatre compositrice, je travaille longuement et profond\u00e9ment avec la premi\u00e8re \u00e9tincelle, je m&rsquo;informe, je lis, je pense, et je laisse les \u00e9motions musicales agir sur moi et mes techniques\u00a0\u00bb. Dans nos archives se trouve une bo\u00eete en carton bleu, sur laquelle est soigneusement not\u00e9: \u00ab\u00a0Musikhochschule Stuttgart &#8230; <a title=\"Silvia Leonor Alvarez de la Fuente (1953\u20132004)\" class=\"read-more\" href=\"https:\/\/www.archiv-frau-musik.de\/fr\/silvia-leonor-alvarez-de-la-fuente-1953-2004\" aria-label=\"En savoir plus sur Silvia Leonor Alvarez de la Fuente (1953\u20132004)\">Weiterlesen &#8230;<\/a><\/p>\n","protected":false},"author":5,"featured_media":0,"parent":0,"menu_order":0,"comment_status":"closed","ping_status":"closed","template":"","meta":{"generate_page_header":"","footnotes":""},"class_list":["post-7603","page","type-page","status-publish"],"yoast_head":"<!-- This site is optimized with the Yoast SEO plugin v27.4 - https:\/\/yoast.com\/product\/yoast-seo-wordpress\/ -->\n<title>Silvia Leonor Alvarez de la Fuente (1953\u20132004)<\/title>\n<meta name=\"description\" content=\"La compositrice Silvia Leonor Alvarez de la Fuente a rassembl\u00e9 ici ses principaux documents, compositions, et esquisses afin de les conserver\" \/>\n<meta name=\"robots\" content=\"index, follow, max-snippet:-1, max-image-preview:large, max-video-preview:-1\" \/>\n<link rel=\"canonical\" href=\"https:\/\/www.archiv-frau-musik.de\/fr\/silvia-leonor-alvarez-de-la-fuente-1953-2004\" \/>\n<meta property=\"og:locale\" content=\"fr_FR\" \/>\n<meta property=\"og:type\" content=\"article\" \/>\n<meta property=\"og:title\" content=\"Silvia Leonor Alvarez de la Fuente (1953\u20132004)\" \/>\n<meta property=\"og:description\" content=\"La compositrice Silvia Leonor Alvarez de la Fuente a rassembl\u00e9 ici ses principaux documents, compositions, et esquisses afin de les conserver\" \/>\n<meta property=\"og:url\" content=\"https:\/\/www.archiv-frau-musik.de\/fr\/silvia-leonor-alvarez-de-la-fuente-1953-2004\" \/>\n<meta property=\"og:site_name\" content=\"Archiv Frau und Musik\" \/>\n<meta property=\"article:modified_time\" content=\"2022-11-12T17:03:25+00:00\" \/>\n<meta property=\"og:image\" content=\"https:\/\/www.archiv-frau-musik.de\/wp-content\/uploads\/2020\/10\/Alvarez-ca.-1985-239x300.jpg\" \/>\n<meta name=\"twitter:card\" content=\"summary_large_image\" \/>\n<meta name=\"twitter:label1\" content=\"Dur\u00e9e de lecture estim\u00e9e\" \/>\n\t<meta name=\"twitter:data1\" content=\"9 minutes\" \/>\n<script type=\"application\/ld+json\" class=\"yoast-schema-graph\">{\"@context\":\"https:\\\/\\\/schema.org\",\"@graph\":[{\"@type\":\"WebPage\",\"@id\":\"https:\\\/\\\/www.archiv-frau-musik.de\\\/fr\\\/silvia-leonor-alvarez-de-la-fuente-1953-2004\",\"url\":\"https:\\\/\\\/www.archiv-frau-musik.de\\\/fr\\\/silvia-leonor-alvarez-de-la-fuente-1953-2004\",\"name\":\"Silvia Leonor Alvarez de la Fuente (1953\u20132004)\",\"isPartOf\":{\"@id\":\"https:\\\/\\\/www.archiv-frau-musik.de\\\/fr\\\/#website\"},\"primaryImageOfPage\":{\"@id\":\"https:\\\/\\\/www.archiv-frau-musik.de\\\/fr\\\/silvia-leonor-alvarez-de-la-fuente-1953-2004#primaryimage\"},\"image\":{\"@id\":\"https:\\\/\\\/www.archiv-frau-musik.de\\\/silvia-leonor-alvarez-de-la-fuente-1953-2004#primaryimage\"},\"thumbnailUrl\":\"https:\\\/\\\/www.archiv-frau-musik.de\\\/wp-content\\\/uploads\\\/2020\\\/10\\\/Alvarez-ca.-1985-239x300.jpg\",\"datePublished\":\"2020-10-28T18:24:37+00:00\",\"dateModified\":\"2022-11-12T17:03:25+00:00\",\"description\":\"La compositrice Silvia Leonor Alvarez de la Fuente a rassembl\u00e9 ici ses principaux documents, compositions, et esquisses afin de les conserver\",\"breadcrumb\":{\"@id\":\"https:\\\/\\\/www.archiv-frau-musik.de\\\/fr\\\/silvia-leonor-alvarez-de-la-fuente-1953-2004#breadcrumb\"},\"inLanguage\":\"fr-FR\",\"potentialAction\":[{\"@type\":\"ReadAction\",\"target\":[[\"https:\\\/\\\/www.archiv-frau-musik.de\\\/fr\\\/silvia-leonor-alvarez-de-la-fuente-1953-2004\"]]}]},{\"@type\":\"ImageObject\",\"inLanguage\":\"fr-FR\",\"@id\":\"https:\\\/\\\/www.archiv-frau-musik.de\\\/fr\\\/silvia-leonor-alvarez-de-la-fuente-1953-2004#primaryimage\",\"url\":\"https:\\\/\\\/www.archiv-frau-musik.de\\\/wp-content\\\/uploads\\\/2020\\\/10\\\/Alvarez-ca.-1985-239x300.jpg\",\"contentUrl\":\"https:\\\/\\\/www.archiv-frau-musik.de\\\/wp-content\\\/uploads\\\/2020\\\/10\\\/Alvarez-ca.-1985-239x300.jpg\"},{\"@type\":\"BreadcrumbList\",\"@id\":\"https:\\\/\\\/www.archiv-frau-musik.de\\\/fr\\\/silvia-leonor-alvarez-de-la-fuente-1953-2004#breadcrumb\",\"itemListElement\":[{\"@type\":\"ListItem\",\"position\":1,\"name\":\"Startseite\",\"item\":\"https:\\\/\\\/www.archiv-frau-musik.de\\\/fr\\\/\"},{\"@type\":\"ListItem\",\"position\":2,\"name\":\"Silvia Leonor Alvarez de la Fuente (1953\u20132004)\"}]},{\"@type\":\"WebSite\",\"@id\":\"https:\\\/\\\/www.archiv-frau-musik.de\\\/fr\\\/#website\",\"url\":\"https:\\\/\\\/www.archiv-frau-musik.de\\\/fr\\\/\",\"name\":\"Archiv Frau und Musik\",\"description\":\"\",\"potentialAction\":[{\"@type\":\"SearchAction\",\"target\":{\"@type\":\"EntryPoint\",\"urlTemplate\":\"https:\\\/\\\/www.archiv-frau-musik.de\\\/fr\\\/?s={search_term_string}\"},\"query-input\":{\"@type\":\"PropertyValueSpecification\",\"valueRequired\":true,\"valueName\":\"search_term_string\"}}],\"inLanguage\":\"fr-FR\"}]}<\/script>\n<!-- \/ Yoast SEO plugin. -->","yoast_head_json":{"title":"Silvia Leonor Alvarez de la Fuente (1953\u20132004)","description":"La compositrice Silvia Leonor Alvarez de la Fuente a rassembl\u00e9 ici ses principaux documents, compositions, et esquisses afin de les conserver","robots":{"index":"index","follow":"follow","max-snippet":"max-snippet:-1","max-image-preview":"max-image-preview:large","max-video-preview":"max-video-preview:-1"},"canonical":"https:\/\/www.archiv-frau-musik.de\/fr\/silvia-leonor-alvarez-de-la-fuente-1953-2004","og_locale":"fr_FR","og_type":"article","og_title":"Silvia Leonor Alvarez de la Fuente (1953\u20132004)","og_description":"La compositrice Silvia Leonor Alvarez de la Fuente a rassembl\u00e9 ici ses principaux documents, compositions, et esquisses afin de les conserver","og_url":"https:\/\/www.archiv-frau-musik.de\/fr\/silvia-leonor-alvarez-de-la-fuente-1953-2004","og_site_name":"Archiv Frau und Musik","article_modified_time":"2022-11-12T17:03:25+00:00","og_image":[{"url":"https:\/\/www.archiv-frau-musik.de\/wp-content\/uploads\/2020\/10\/Alvarez-ca.-1985-239x300.jpg","type":"","width":"","height":""}],"twitter_card":"summary_large_image","twitter_misc":{"Dur\u00e9e de lecture estim\u00e9e":"9 minutes"},"schema":{"@context":"https:\/\/schema.org","@graph":[{"@type":"WebPage","@id":"https:\/\/www.archiv-frau-musik.de\/fr\/silvia-leonor-alvarez-de-la-fuente-1953-2004","url":"https:\/\/www.archiv-frau-musik.de\/fr\/silvia-leonor-alvarez-de-la-fuente-1953-2004","name":"Silvia Leonor Alvarez de la Fuente (1953\u20132004)","isPartOf":{"@id":"https:\/\/www.archiv-frau-musik.de\/fr\/#website"},"primaryImageOfPage":{"@id":"https:\/\/www.archiv-frau-musik.de\/fr\/silvia-leonor-alvarez-de-la-fuente-1953-2004#primaryimage"},"image":{"@id":"https:\/\/www.archiv-frau-musik.de\/silvia-leonor-alvarez-de-la-fuente-1953-2004#primaryimage"},"thumbnailUrl":"https:\/\/www.archiv-frau-musik.de\/wp-content\/uploads\/2020\/10\/Alvarez-ca.-1985-239x300.jpg","datePublished":"2020-10-28T18:24:37+00:00","dateModified":"2022-11-12T17:03:25+00:00","description":"La compositrice Silvia Leonor Alvarez de la Fuente a rassembl\u00e9 ici ses principaux documents, compositions, et esquisses afin de les conserver","breadcrumb":{"@id":"https:\/\/www.archiv-frau-musik.de\/fr\/silvia-leonor-alvarez-de-la-fuente-1953-2004#breadcrumb"},"inLanguage":"fr-FR","potentialAction":[{"@type":"ReadAction","target":[["https:\/\/www.archiv-frau-musik.de\/fr\/silvia-leonor-alvarez-de-la-fuente-1953-2004"]]}]},{"@type":"ImageObject","inLanguage":"fr-FR","@id":"https:\/\/www.archiv-frau-musik.de\/fr\/silvia-leonor-alvarez-de-la-fuente-1953-2004#primaryimage","url":"https:\/\/www.archiv-frau-musik.de\/wp-content\/uploads\/2020\/10\/Alvarez-ca.-1985-239x300.jpg","contentUrl":"https:\/\/www.archiv-frau-musik.de\/wp-content\/uploads\/2020\/10\/Alvarez-ca.-1985-239x300.jpg"},{"@type":"BreadcrumbList","@id":"https:\/\/www.archiv-frau-musik.de\/fr\/silvia-leonor-alvarez-de-la-fuente-1953-2004#breadcrumb","itemListElement":[{"@type":"ListItem","position":1,"name":"Startseite","item":"https:\/\/www.archiv-frau-musik.de\/fr\/"},{"@type":"ListItem","position":2,"name":"Silvia Leonor Alvarez de la Fuente (1953\u20132004)"}]},{"@type":"WebSite","@id":"https:\/\/www.archiv-frau-musik.de\/fr\/#website","url":"https:\/\/www.archiv-frau-musik.de\/fr\/","name":"Archiv Frau und Musik","description":"","potentialAction":[{"@type":"SearchAction","target":{"@type":"EntryPoint","urlTemplate":"https:\/\/www.archiv-frau-musik.de\/fr\/?s={search_term_string}"},"query-input":{"@type":"PropertyValueSpecification","valueRequired":true,"valueName":"search_term_string"}}],"inLanguage":"fr-FR"}]}},"_links":{"self":[{"href":"https:\/\/www.archiv-frau-musik.de\/fr\/wp-json\/wp\/v2\/pages\/7603","targetHints":{"allow":["GET"]}}],"collection":[{"href":"https:\/\/www.archiv-frau-musik.de\/fr\/wp-json\/wp\/v2\/pages"}],"about":[{"href":"https:\/\/www.archiv-frau-musik.de\/fr\/wp-json\/wp\/v2\/types\/page"}],"author":[{"embeddable":true,"href":"https:\/\/www.archiv-frau-musik.de\/fr\/wp-json\/wp\/v2\/users\/5"}],"replies":[{"embeddable":true,"href":"https:\/\/www.archiv-frau-musik.de\/fr\/wp-json\/wp\/v2\/comments?post=7603"}],"version-history":[{"count":14,"href":"https:\/\/www.archiv-frau-musik.de\/fr\/wp-json\/wp\/v2\/pages\/7603\/revisions"}],"predecessor-version":[{"id":9596,"href":"https:\/\/www.archiv-frau-musik.de\/fr\/wp-json\/wp\/v2\/pages\/7603\/revisions\/9596"}],"wp:attachment":[{"href":"https:\/\/www.archiv-frau-musik.de\/fr\/wp-json\/wp\/v2\/media?parent=7603"}],"curies":[{"name":"wp","href":"https:\/\/api.w.org\/{rel}","templated":true}]}}