{"id":7601,"date":"2020-10-28T19:24:18","date_gmt":"2020-10-28T18:24:18","guid":{"rendered":"https:\/\/www.archiv-frau-musik.de\/?page_id=7601"},"modified":"2022-11-12T17:59:11","modified_gmt":"2022-11-12T16:59:11","slug":"leni-alexander-1924-2005","status":"publish","type":"page","link":"https:\/\/www.archiv-frau-musik.de\/fr\/leni-alexander-1924-2005","title":{"rendered":"Leni Alexander (1924\u20132005)"},"content":{"rendered":"<p><figure id=\"attachment_7611\" aria-describedby=\"caption-attachment-7611\" style=\"width: 299px\" class=\"wp-caption alignright\"><img loading=\"lazy\" decoding=\"async\" class=\"wp-image-7611\" src=\"https:\/\/www.archiv-frau-musik.de\/wp-content\/uploads\/2020\/10\/Alexander-Leni-Quelle-Andreas-Bodenhoefer.jpg\" alt=\"Leni Alexander \u00a9 Archiv Frau und Musik\" width=\"309\" height=\"400\" \/><figcaption id=\"caption-attachment-7611\" class=\"wp-caption-text\">Leni Alexander \u00a9 Archiv Frau und Musik<\/figcaption><\/figure><\/p>\n<p>Leni Alexander a \u00e9t\u00e9 toute sa vie une artiste engag\u00e9e: son \u0153uvre \u00e9tait marqu\u00e9e par l&rsquo;exp\u00e9rience de la r\u00e9pression, l&rsquo;action politique, et un int\u00e9r\u00eat irr\u00e9pressible pour ses semblables. Pour elle, la vie et l&rsquo;art \u00e9taient indissociables. Le genre musical pour lequel elle est devenue c\u00e9l\u00e8bre semble donc presque symptomatique: Le th\u00e9\u00e2tre radiophonique. Ses pi\u00e8ces radiophoniques autobiographiques permettent \u00e9galement de raconter la vie de Leni Alexander \u00e0 travers ses \u0153uvres.<\/p>\n<h3><em>La vie est plus courte qu&rsquo;un jour d&rsquo;hiver ou Par quoi? \u00c0 quoi? Pour quoi?<\/em> (WDR 1989)<\/h3>\n<p>\u00ab\u00a0Discha, Discha&#8230;\u00a0\u00bb: c&rsquo;est par ces cris que commence la pi\u00e8ce radiophonique. Elle est bas\u00e9e sur l&rsquo;exp\u00e9rience de Leni Alexander, surnomm\u00e9e Discha par son beau-p\u00e8re, une jeune fille juive qui a souffert des horreurs du fascisme. Entre les descriptions de ses ann\u00e9es d&rsquo;\u00e9cole, Alexander m\u00eale des adaptations de sa propre musique, des chansons yiddish, mais aussi des chants de protestation chiliens. Car les \u00e9v\u00e9nements au Chili, trente-cinq ans plus tard, ont r\u00e9veill\u00e9 en elle les souvenirs de sa fuite d&rsquo;Allemagne.<\/p>\n<p>Lorsque les nationaux-socialistes ont pris le pouvoir en Allemagne en 1933, Alexander avait neuf ans. Avec sa m\u00e8re, la chanteuse Ilse Pollack, et son beau-p\u00e8re Siegfried Urias, elle a v\u00e9cu \u00e0 Hambourg les r\u00e9pressions contre les citoyens juifs, mais ce n&rsquo;est que la nuit du pogrom de 1939 qui a pu contraindre la famille \u00e0 fuir. Dans son exil au Chili, Leni Alexander a rapidement repris des cours de musique, puis elle a \u00e9tudi\u00e9 la psychologie et la p\u00e9dagogie Montessori. En 1949, elle commen\u00e7a en outre des \u00e9tudes de composition avec le compositeur hollandais Fr\u00e9 Focke. Gr\u00e2ce \u00e0 lui, Alexander d\u00e9couvre de nouveaux univers musicaux:<\/p>\n<p><em>\u00ab\u00a0J&rsquo;ai senti s&rsquo;ouvrir des portes dont l&rsquo;existence m&rsquo;\u00e9tait jusqu&rsquo;alors inconnue. Derri\u00e8re ces portes, j&rsquo;ai pu d\u00e9couvrir une musique, une mani\u00e8re de penser et d&rsquo;\u00e9couter la musique qui, \u00e0 partir de ce moment, a \u00e9t\u00e9 une r\u00e9v\u00e9lation pour moi\u00a0\u00bb.<\/em><\/p>\n<figure id=\"attachment_7613\" aria-describedby=\"caption-attachment-7613\" style=\"width: 295px\" class=\"wp-caption alignright\"><img loading=\"lazy\" decoding=\"async\" class=\"wp-image-7613\" src=\"https:\/\/www.archiv-frau-musik.de\/wp-content\/uploads\/2020\/10\/De-la-muerte-a-la-manana-Deckblatt.jpg\" alt=\"Cantate de Leni Alexanders &quot;De la mort au matin&quot; \u00a9 Archiv Frau und Musik\" width=\"305\" height=\"366\" srcset=\"https:\/\/www.archiv-frau-musik.de\/wp-content\/uploads\/2020\/10\/De-la-muerte-a-la-manana-Deckblatt.jpg 638w, https:\/\/www.archiv-frau-musik.de\/wp-content\/uploads\/2020\/10\/De-la-muerte-a-la-manana-Deckblatt-250x300.jpg 250w\" sizes=\"auto, (max-width: 305px) 100vw, 305px\" \/><figcaption id=\"caption-attachment-7613\" class=\"wp-caption-text\">Cantate de Leni Alexanders \u00ab\u00a0De la mort au matin\u00a0\u00bb \u00a9 Archiv Frau und Musik<\/figcaption><\/figure>\n<p>En 1954, Alexander re\u00e7ut une bourse de l&rsquo;\u00c9tat fran\u00e7ais, et put nouer en Europe des contacts \u00e9troits avec des compositeurs tels que Ren\u00e9 Leibowitz, Olivier Messiaen, Bruno Maderna, et Luigi Nono. Si le travail avec l&rsquo;avant-garde europ\u00e9enne a \u00e9t\u00e9 marquant, elle s&rsquo;est montr\u00e9e tr\u00e8s \u00e9trang\u00e8re \u00e0 la conception parfois \u00e9litiste de l&rsquo;art, dans laquelle \u2013 selon Alexander \u2013 la technique primait sur la cr\u00e9ativit\u00e9 musicale. C&rsquo;est peut-\u00eatre en raison de son rejet des syst\u00e8mes politiques rigides qu&rsquo;elle \u00e9vite \u00e9galement tout dogmatisme dans la musique, mais aussi les hi\u00e9rarchies claires. Ainsi, la plupart de ses compositions sont atonales, et conf\u00e8rent aux interpr\u00e8tes un haut degr\u00e9 de coresponsabilit\u00e9 et de libert\u00e9 de d\u00e9cision.<\/p>\n<p>Lors de sa premi\u00e8re visite \u00e0 Cologne en 1960, la seule \u0153uvre chorale d&rsquo;Alexander, sa cantate From Death to Morning, a \u00e9t\u00e9 jou\u00e9e pour la premi\u00e8re fois. Elle avait compos\u00e9 cette \u0153uvre pour le Festival mondial de musique de la Soci\u00e9t\u00e9 internationale de musique nouvelle.<\/p>\n<p>\u00c0 la fin des ann\u00e9es 1960, Alexander est d&rsquo;abord retourn\u00e9e au Chili. S&rsquo;ensuivit une p\u00e9riode de changements constants de lieu entre le Chili, l&rsquo;Europe et les \u00c9tats-Unis, jusqu&rsquo;\u00e0 ce qu&rsquo;en 1969, Leni Alexander et son plus jeune fils s&rsquo;installent \u00e0 nouveau \u00e0 Paris gr\u00e2ce \u00e0 une bourse du Guggenheim. Son deuxi\u00e8me s\u00e9jour s&rsquo;est transform\u00e9 en un nouvel exil en 1973, avec le coup d&rsquo;\u00c9tat militaire au Chili. Elle approfondit alors son engagement politique, travaillant pour Amnesty International et diverses organisations de solidarit\u00e9 chiliennes.<\/p>\n<h3><em>Chacabuco, l&rsquo;histoire d&rsquo;une ville fant\u00f4me au Chili<\/em> (WDR 1993)<\/h3>\n<p>Alexander y d\u00e9nonce les crimes de Pinochet, ainsi que l&rsquo;implication des gouvernements europ\u00e9ens dans la politique chilienne: La ville fant\u00f4me de Chacapuco a servi de camp de prisonniers apr\u00e8s le coup d&rsquo;\u00c9tat militaire, alors qu&rsquo;auparavant, les mineurs \u00e9taient exploit\u00e9s dans les mines de sel locales \u2013 ce qui profitait surtout aux entreprises europ\u00e9ennes. Alexander m\u00e9lange de la musique populaire du nord du Chili, des vers de Pablo Neruda, et du Faust de Goethe, avec des enregistrements de conversations de la compositrice avec un mineur et un ancien d\u00e9tenu du camp de prisonniers.<\/p>\n<p>Gr\u00e2ce \u00e0 de nombreuses bourses, des commandes de compositions \u2013 par exemple de Radio France \u2013 et des cours de musique pour enfants, Leni Alexander a pu financer sa subsistance \u00e0 Paris. Elle a \u00e9galement poursuivi ses activit\u00e9s en Am\u00e9rique du Sud: lors d&rsquo;une tourn\u00e9e de concerts en Argentine, elle a fait la connaissance de l&rsquo;Ensemble Moderne de Francfort. Cette rencontre aboutit en 1984 \u00e0 une collaboration lors du festival de Cologne <em>Experimentierfeld: Frauen-Musik<\/em>. \u00c0 la fin des ann\u00e9es 1980, la compositrice est retourn\u00e9e au Chili, mais jusqu&rsquo;\u00e0 peu avant sa mort, elle a pass\u00e9 quelques mois chaque ann\u00e9e \u00e0 Paris et \u00e0 Cologne, o\u00f9 elle a compos\u00e9 et d\u00e9velopp\u00e9 des pi\u00e8ces radiophoniques, principalement pour la WDR. Leni Alexander est d\u00e9c\u00e9d\u00e9e le 7 ao\u00fbt 2005 au Chili \u00e0 l&rsquo;\u00e2ge de 83 ans. En 2013, ses h\u00e9ritiers et h\u00e9riti\u00e8res ont remis une grande partie de son h\u00e9ritage aux Archives Frau und Musik \u00e0 Francfort.<\/p>\n<h3><em>L&rsquo;histoire du chariot. R\u00e9flexions et pens\u00e9es pendant un voyage dans le wagon MERKABAH, qui concerne l&rsquo;\u00eatre originel<\/em> (manuscrit texte 2001)<\/h3>\n<p>Dans sa pi\u00e8ce radiophonique inachev\u00e9e, Alexander revendique une fois de plus le \u00ab\u00a0non-oubli\u00a0\u00bb. Le char Merkahba \u2013 dans la mystique juive, le char du tr\u00f4ne d&rsquo;Ezechiel \u2013 vole \u00e0 travers le paysage \u00ab\u00a0vers l&rsquo;histoire de la cr\u00e9ation\u00a0\u00bb. Le texte se termine par une mise en garde: \u00ab\u00a0Le souvenir de tout ce qui est pass\u00e9 ne doit pas se perdre, de m\u00eame que l&rsquo;histoire de l&rsquo;homme nous appartient \u00e0 jamais, elle nous donne la vie, dans laquelle il n&rsquo;y a pas de place pour l&rsquo;oubli\u00a0\u00bb.<\/p>\n<p>Pour plus d&rsquo;informations sur Leni Alexander, voir:<\/p>\n<ul>\n<li><a href=\"https:\/\/mugi.hfmt-hamburg.de\/old\/A_lexartikel\/lexartikel.php%3Fid=alex1924.html\" target=\"_blank\" rel=\"noopener\">Musik und Gender im Internet<\/a><\/li>\n<li><a href=\"https:\/\/www.lexm.uni-hamburg.de\/object\/lexm_lexmperson_00001603\" target=\"_blank\" rel=\"noopener\">Dictionnaire des musiciennes et musiciens pers\u00e9cut\u00e9s pendant la p\u00e9riode nazie<\/a><\/li>\n<li>MusikTexte, cahier 107, 11\/2005, p. 33-46.<\/li>\n<\/ul>\n<p>Dans le cadre du projet <a href=\"https:\/\/www.archiv-frau-musik.de\/fr\/woraufwartenwir\"><em>Worauf Warten Wir?<\/em><\/a> (Qu\u2019est-ce qu\u2019on attend?), une <a href=\"https:\/\/www.digitales-deutsches-frauenarchiv.de\/akteurinnen\/leni-helene-alexander\" target=\"_blank\" rel=\"noopener\">dissertation personnelle sur Leni Alexander<\/a> a \u00e9t\u00e9 publi\u00e9 dans le Digitales Deutsches Frauenarchiv (DDF).<\/p>\n<div class=\"lyte-wrapper\" style=\"width:640px;max-width:100%;margin:5px auto;\"><div class=\"lyMe\" id=\"WYL_XHvQ-TUhl1M\"><div id=\"lyte_XHvQ-TUhl1M\" data-src=\"https:\/\/www.archiv-frau-musik.de\/wp-content\/plugins\/wp-youtube-lyte\/lyteCache.php?origThumbUrl=%2F%2Fi.ytimg.com%2Fvi%2FXHvQ-TUhl1M%2Fhqdefault.jpg\" class=\"pL\"><div class=\"tC\"><div class=\"tT\"><\/div><\/div><div class=\"play\"><\/div><div class=\"ctrl\"><div class=\"Lctrl\"><\/div><div class=\"Rctrl\"><\/div><\/div><\/div><noscript><a href=\"https:\/\/youtu.be\/XHvQ-TUhl1M\" rel=\"nofollow\"><img loading=\"lazy\" decoding=\"async\" src=\"https:\/\/www.archiv-frau-musik.de\/wp-content\/plugins\/wp-youtube-lyte\/lyteCache.php?origThumbUrl=https%3A%2F%2Fi.ytimg.com%2Fvi%2FXHvQ-TUhl1M%2F0.jpg\" alt=\"YouTube video thumbnail\" width=\"640\" height=\"340\" \/><br \/>Lire cette vid\u00e9o sur YouTube<\/a><\/noscript><\/div><\/div><div class=\"lL\" style=\"max-width:100%;width:640px;margin:5px auto;\"><br\/><span class=\"lyte_disclaimer\">Wenn Sie dieses Video ansehen, erkl\u00e4ren Sie sich einverstanden mit den <a href=\"https:\/\/www.youtube.com\/intl\/ALL_de\/howyoutubeworks\/our-commitments\/protecting-user-data\/?utm_campaign=1008960&amp;utm_source=paidsearch&amp;yt_product=ytgen&amp;yt_goal=eng&amp;utm_medium=googlesearch&amp;utm_content=txt&amp;yt_campaign_id=hyw&amp;yt_creative_id=&amp;utm_keyword=youtube%20datenschutz%20nutzer%20richtlinien&amp;utm_matchtype=e\">Datenschutzrichtlinen<\/a> von Youtube.<\/span><\/div><\/p>\n<div class=\"lyte-wrapper\" style=\"width:640px;max-width:100%;margin:5px auto;\"><div class=\"lyMe\" id=\"WYL_-ZHAdSl1BMg\"><div id=\"lyte_-ZHAdSl1BMg\" data-src=\"https:\/\/www.archiv-frau-musik.de\/wp-content\/plugins\/wp-youtube-lyte\/lyteCache.php?origThumbUrl=%2F%2Fi.ytimg.com%2Fvi%2F-ZHAdSl1BMg%2Fhqdefault.jpg\" class=\"pL\"><div class=\"tC\"><div class=\"tT\"><\/div><\/div><div class=\"play\"><\/div><div class=\"ctrl\"><div class=\"Lctrl\"><\/div><div class=\"Rctrl\"><\/div><\/div><\/div><noscript><a href=\"https:\/\/youtu.be\/-ZHAdSl1BMg\" rel=\"nofollow\"><img loading=\"lazy\" decoding=\"async\" src=\"https:\/\/www.archiv-frau-musik.de\/wp-content\/plugins\/wp-youtube-lyte\/lyteCache.php?origThumbUrl=https%3A%2F%2Fi.ytimg.com%2Fvi%2F-ZHAdSl1BMg%2F0.jpg\" alt=\"YouTube video thumbnail\" width=\"640\" height=\"340\" \/><br \/>Lire cette vid\u00e9o sur YouTube<\/a><\/noscript><\/div><\/div><div class=\"lL\" style=\"max-width:100%;width:640px;margin:5px auto;\"><br\/><span class=\"lyte_disclaimer\">Wenn Sie dieses Video ansehen, erkl\u00e4ren Sie sich einverstanden mit den <a href=\"https:\/\/www.youtube.com\/intl\/ALL_de\/howyoutubeworks\/our-commitments\/protecting-user-data\/?utm_campaign=1008960&amp;utm_source=paidsearch&amp;yt_product=ytgen&amp;yt_goal=eng&amp;utm_medium=googlesearch&amp;utm_content=txt&amp;yt_campaign_id=hyw&amp;yt_creative_id=&amp;utm_keyword=youtube%20datenschutz%20nutzer%20richtlinien&amp;utm_matchtype=e\">Datenschutzrichtlinen<\/a> von Youtube.<\/span><\/div><\/p>\n<div class=\"lyte-wrapper\" style=\"width:640px;max-width:100%;margin:5px auto;\"><div class=\"lyMe\" id=\"WYL__7hL8FEqro4\"><div id=\"lyte__7hL8FEqro4\" data-src=\"https:\/\/www.archiv-frau-musik.de\/wp-content\/plugins\/wp-youtube-lyte\/lyteCache.php?origThumbUrl=%2F%2Fi.ytimg.com%2Fvi%2F_7hL8FEqro4%2Fhqdefault.jpg\" class=\"pL\"><div class=\"tC\"><div class=\"tT\"><\/div><\/div><div class=\"play\"><\/div><div class=\"ctrl\"><div class=\"Lctrl\"><\/div><div class=\"Rctrl\"><\/div><\/div><\/div><noscript><a href=\"https:\/\/youtu.be\/_7hL8FEqro4\" rel=\"nofollow\"><img loading=\"lazy\" decoding=\"async\" src=\"https:\/\/www.archiv-frau-musik.de\/wp-content\/plugins\/wp-youtube-lyte\/lyteCache.php?origThumbUrl=https%3A%2F%2Fi.ytimg.com%2Fvi%2F_7hL8FEqro4%2F0.jpg\" alt=\"YouTube video thumbnail\" width=\"640\" height=\"340\" \/><br \/>Lire cette vid\u00e9o sur YouTube<\/a><\/noscript><\/div><\/div><div class=\"lL\" style=\"max-width:100%;width:640px;margin:5px auto;\"><br\/><span class=\"lyte_disclaimer\">Wenn Sie dieses Video ansehen, erkl\u00e4ren Sie sich einverstanden mit den <a href=\"https:\/\/www.youtube.com\/intl\/ALL_de\/howyoutubeworks\/our-commitments\/protecting-user-data\/?utm_campaign=1008960&amp;utm_source=paidsearch&amp;yt_product=ytgen&amp;yt_goal=eng&amp;utm_medium=googlesearch&amp;utm_content=txt&amp;yt_campaign_id=hyw&amp;yt_creative_id=&amp;utm_keyword=youtube%20datenschutz%20nutzer%20richtlinien&amp;utm_matchtype=e\">Datenschutzrichtlinen<\/a> von Youtube.<\/span><\/div><\/p>\n<p>&nbsp;<\/p>\n<p>&nbsp;<\/p>","protected":false},"excerpt":{"rendered":"<p>D\u00e9sol\u00e9, cet article est seulement disponible en Deutsch.<\/p>\n","protected":false},"author":5,"featured_media":0,"parent":0,"menu_order":0,"comment_status":"closed","ping_status":"closed","template":"","meta":{"generate_page_header":"","footnotes":""},"class_list":["post-7601","page","type-page","status-publish"],"yoast_head":"<!-- This site is optimized with the Yoast SEO plugin v27.4 - https:\/\/yoast.com\/product\/yoast-seo-wordpress\/ -->\n<title>Leni Alexander (1924\u20132005) &#8211; Archiv Frau und Musik<\/title>\n<meta name=\"description\" content=\"Leni Alexander a \u00e9t\u00e9 toute sa vie une artiste engag\u00e9e: son \u0153uvre \u00e9tait marqu\u00e9e par l&#039;exp\u00e9rience de la r\u00e9pression, l&#039;action politique, et un\" \/>\n<meta name=\"robots\" content=\"index, follow, max-snippet:-1, max-image-preview:large, max-video-preview:-1\" \/>\n<link rel=\"canonical\" href=\"https:\/\/www.archiv-frau-musik.de\/fr\/leni-alexander-1924-2005\" \/>\n<meta property=\"og:locale\" content=\"fr_FR\" \/>\n<meta property=\"og:type\" content=\"article\" \/>\n<meta property=\"og:title\" content=\"Leni Alexander (1924\u20132005) &#8211; Archiv Frau und Musik\" \/>\n<meta property=\"og:description\" content=\"Leni Alexander a \u00e9t\u00e9 toute sa vie une artiste engag\u00e9e: son \u0153uvre \u00e9tait marqu\u00e9e par l&#039;exp\u00e9rience de la r\u00e9pression, l&#039;action politique, et un\" \/>\n<meta property=\"og:url\" content=\"https:\/\/www.archiv-frau-musik.de\/fr\/leni-alexander-1924-2005\" \/>\n<meta property=\"og:site_name\" content=\"Archiv Frau und Musik\" \/>\n<meta property=\"article:modified_time\" content=\"2022-11-12T16:59:11+00:00\" \/>\n<meta property=\"og:image\" content=\"https:\/\/www.archiv-frau-musik.de\/wp-content\/uploads\/2020\/10\/Alexander-Leni-Quelle-Andreas-Bodenhoefer.jpg\" \/>\n<meta name=\"twitter:card\" content=\"summary_large_image\" \/>\n<meta name=\"twitter:label1\" content=\"Dur\u00e9e de lecture estim\u00e9e\" \/>\n\t<meta name=\"twitter:data1\" content=\"6 minutes\" \/>\n<script type=\"application\/ld+json\" class=\"yoast-schema-graph\">{\"@context\":\"https:\\\/\\\/schema.org\",\"@graph\":[{\"@type\":\"WebPage\",\"@id\":\"https:\\\/\\\/www.archiv-frau-musik.de\\\/fr\\\/leni-alexander-1924-2005\",\"url\":\"https:\\\/\\\/www.archiv-frau-musik.de\\\/fr\\\/leni-alexander-1924-2005\",\"name\":\"Leni Alexander (1924\u20132005) &#8211; Archiv Frau und Musik\",\"isPartOf\":{\"@id\":\"https:\\\/\\\/www.archiv-frau-musik.de\\\/fr\\\/#website\"},\"primaryImageOfPage\":{\"@id\":\"https:\\\/\\\/www.archiv-frau-musik.de\\\/fr\\\/leni-alexander-1924-2005#primaryimage\"},\"image\":{\"@id\":\"https:\\\/\\\/www.archiv-frau-musik.de\\\/leni-alexander-1924-2005#primaryimage\"},\"thumbnailUrl\":\"https:\\\/\\\/www.archiv-frau-musik.de\\\/wp-content\\\/uploads\\\/2020\\\/10\\\/Alexander-Leni-Quelle-Andreas-Bodenhoefer.jpg\",\"datePublished\":\"2020-10-28T18:24:18+00:00\",\"dateModified\":\"2022-11-12T16:59:11+00:00\",\"description\":\"Leni Alexander a \u00e9t\u00e9 toute sa vie une artiste engag\u00e9e: son \u0153uvre \u00e9tait marqu\u00e9e par l'exp\u00e9rience de la r\u00e9pression, l'action politique, et un\",\"breadcrumb\":{\"@id\":\"https:\\\/\\\/www.archiv-frau-musik.de\\\/fr\\\/leni-alexander-1924-2005#breadcrumb\"},\"inLanguage\":\"fr-FR\",\"potentialAction\":[{\"@type\":\"ReadAction\",\"target\":[[\"https:\\\/\\\/www.archiv-frau-musik.de\\\/fr\\\/leni-alexander-1924-2005\"]]}]},{\"@type\":\"ImageObject\",\"inLanguage\":\"fr-FR\",\"@id\":\"https:\\\/\\\/www.archiv-frau-musik.de\\\/fr\\\/leni-alexander-1924-2005#primaryimage\",\"url\":\"https:\\\/\\\/www.archiv-frau-musik.de\\\/wp-content\\\/uploads\\\/2020\\\/10\\\/Alexander-Leni-Quelle-Andreas-Bodenhoefer.jpg\",\"contentUrl\":\"https:\\\/\\\/www.archiv-frau-musik.de\\\/wp-content\\\/uploads\\\/2020\\\/10\\\/Alexander-Leni-Quelle-Andreas-Bodenhoefer.jpg\"},{\"@type\":\"BreadcrumbList\",\"@id\":\"https:\\\/\\\/www.archiv-frau-musik.de\\\/fr\\\/leni-alexander-1924-2005#breadcrumb\",\"itemListElement\":[{\"@type\":\"ListItem\",\"position\":1,\"name\":\"Startseite\",\"item\":\"https:\\\/\\\/www.archiv-frau-musik.de\\\/fr\\\/\"},{\"@type\":\"ListItem\",\"position\":2,\"name\":\"Leni Alexander (1924\u20132005)\"}]},{\"@type\":\"WebSite\",\"@id\":\"https:\\\/\\\/www.archiv-frau-musik.de\\\/fr\\\/#website\",\"url\":\"https:\\\/\\\/www.archiv-frau-musik.de\\\/fr\\\/\",\"name\":\"Archiv Frau und Musik\",\"description\":\"\",\"potentialAction\":[{\"@type\":\"SearchAction\",\"target\":{\"@type\":\"EntryPoint\",\"urlTemplate\":\"https:\\\/\\\/www.archiv-frau-musik.de\\\/fr\\\/?s={search_term_string}\"},\"query-input\":{\"@type\":\"PropertyValueSpecification\",\"valueRequired\":true,\"valueName\":\"search_term_string\"}}],\"inLanguage\":\"fr-FR\"}]}<\/script>\n<!-- \/ Yoast SEO plugin. -->","yoast_head_json":{"title":"Leni Alexander (1924\u20132005) &#8211; Archiv Frau und Musik","description":"Leni Alexander a \u00e9t\u00e9 toute sa vie une artiste engag\u00e9e: son \u0153uvre \u00e9tait marqu\u00e9e par l'exp\u00e9rience de la r\u00e9pression, l'action politique, et un","robots":{"index":"index","follow":"follow","max-snippet":"max-snippet:-1","max-image-preview":"max-image-preview:large","max-video-preview":"max-video-preview:-1"},"canonical":"https:\/\/www.archiv-frau-musik.de\/fr\/leni-alexander-1924-2005","og_locale":"fr_FR","og_type":"article","og_title":"Leni Alexander (1924\u20132005) &#8211; Archiv Frau und Musik","og_description":"Leni Alexander a \u00e9t\u00e9 toute sa vie une artiste engag\u00e9e: son \u0153uvre \u00e9tait marqu\u00e9e par l'exp\u00e9rience de la r\u00e9pression, l'action politique, et un","og_url":"https:\/\/www.archiv-frau-musik.de\/fr\/leni-alexander-1924-2005","og_site_name":"Archiv Frau und Musik","article_modified_time":"2022-11-12T16:59:11+00:00","og_image":[{"url":"https:\/\/www.archiv-frau-musik.de\/wp-content\/uploads\/2020\/10\/Alexander-Leni-Quelle-Andreas-Bodenhoefer.jpg","type":"","width":"","height":""}],"twitter_card":"summary_large_image","twitter_misc":{"Dur\u00e9e de lecture estim\u00e9e":"6 minutes"},"schema":{"@context":"https:\/\/schema.org","@graph":[{"@type":"WebPage","@id":"https:\/\/www.archiv-frau-musik.de\/fr\/leni-alexander-1924-2005","url":"https:\/\/www.archiv-frau-musik.de\/fr\/leni-alexander-1924-2005","name":"Leni Alexander (1924\u20132005) &#8211; Archiv Frau und Musik","isPartOf":{"@id":"https:\/\/www.archiv-frau-musik.de\/fr\/#website"},"primaryImageOfPage":{"@id":"https:\/\/www.archiv-frau-musik.de\/fr\/leni-alexander-1924-2005#primaryimage"},"image":{"@id":"https:\/\/www.archiv-frau-musik.de\/leni-alexander-1924-2005#primaryimage"},"thumbnailUrl":"https:\/\/www.archiv-frau-musik.de\/wp-content\/uploads\/2020\/10\/Alexander-Leni-Quelle-Andreas-Bodenhoefer.jpg","datePublished":"2020-10-28T18:24:18+00:00","dateModified":"2022-11-12T16:59:11+00:00","description":"Leni Alexander a \u00e9t\u00e9 toute sa vie une artiste engag\u00e9e: son \u0153uvre \u00e9tait marqu\u00e9e par l'exp\u00e9rience de la r\u00e9pression, l'action politique, et un","breadcrumb":{"@id":"https:\/\/www.archiv-frau-musik.de\/fr\/leni-alexander-1924-2005#breadcrumb"},"inLanguage":"fr-FR","potentialAction":[{"@type":"ReadAction","target":[["https:\/\/www.archiv-frau-musik.de\/fr\/leni-alexander-1924-2005"]]}]},{"@type":"ImageObject","inLanguage":"fr-FR","@id":"https:\/\/www.archiv-frau-musik.de\/fr\/leni-alexander-1924-2005#primaryimage","url":"https:\/\/www.archiv-frau-musik.de\/wp-content\/uploads\/2020\/10\/Alexander-Leni-Quelle-Andreas-Bodenhoefer.jpg","contentUrl":"https:\/\/www.archiv-frau-musik.de\/wp-content\/uploads\/2020\/10\/Alexander-Leni-Quelle-Andreas-Bodenhoefer.jpg"},{"@type":"BreadcrumbList","@id":"https:\/\/www.archiv-frau-musik.de\/fr\/leni-alexander-1924-2005#breadcrumb","itemListElement":[{"@type":"ListItem","position":1,"name":"Startseite","item":"https:\/\/www.archiv-frau-musik.de\/fr\/"},{"@type":"ListItem","position":2,"name":"Leni Alexander (1924\u20132005)"}]},{"@type":"WebSite","@id":"https:\/\/www.archiv-frau-musik.de\/fr\/#website","url":"https:\/\/www.archiv-frau-musik.de\/fr\/","name":"Archiv Frau und Musik","description":"","potentialAction":[{"@type":"SearchAction","target":{"@type":"EntryPoint","urlTemplate":"https:\/\/www.archiv-frau-musik.de\/fr\/?s={search_term_string}"},"query-input":{"@type":"PropertyValueSpecification","valueRequired":true,"valueName":"search_term_string"}}],"inLanguage":"fr-FR"}]}},"_links":{"self":[{"href":"https:\/\/www.archiv-frau-musik.de\/fr\/wp-json\/wp\/v2\/pages\/7601","targetHints":{"allow":["GET"]}}],"collection":[{"href":"https:\/\/www.archiv-frau-musik.de\/fr\/wp-json\/wp\/v2\/pages"}],"about":[{"href":"https:\/\/www.archiv-frau-musik.de\/fr\/wp-json\/wp\/v2\/types\/page"}],"author":[{"embeddable":true,"href":"https:\/\/www.archiv-frau-musik.de\/fr\/wp-json\/wp\/v2\/users\/5"}],"replies":[{"embeddable":true,"href":"https:\/\/www.archiv-frau-musik.de\/fr\/wp-json\/wp\/v2\/comments?post=7601"}],"version-history":[{"count":21,"href":"https:\/\/www.archiv-frau-musik.de\/fr\/wp-json\/wp\/v2\/pages\/7601\/revisions"}],"predecessor-version":[{"id":9594,"href":"https:\/\/www.archiv-frau-musik.de\/fr\/wp-json\/wp\/v2\/pages\/7601\/revisions\/9594"}],"wp:attachment":[{"href":"https:\/\/www.archiv-frau-musik.de\/fr\/wp-json\/wp\/v2\/media?parent=7601"}],"curies":[{"name":"wp","href":"https:\/\/api.w.org\/{rel}","templated":true}]}}