{"id":4879,"date":"2018-01-31T15:09:46","date_gmt":"2018-01-31T14:09:46","guid":{"rendered":"http:\/\/www.archiv-frau-musik.de\/?page_id=4879"},"modified":"2026-01-22T22:11:11","modified_gmt":"2026-01-22T21:11:11","slug":"verein-iak-frau-und-musik","status":"publish","type":"page","link":"https:\/\/www.archiv-frau-musik.de\/fr\/verein-iak-frau-und-musik","title":{"rendered":"Association"},"content":{"rendered":"<p> Elke Mascha Blankenburg de Christel Becker-Rau \u00a9 Archiv Frau und Musik, CC BY-SA 4.0<\/p>\n<h3>Comment tout a commenc\u00e9<\/h3>\n<p>En automne 1977, la chef d&rsquo;orchestre <a href=\"https:\/\/www.digitales-deutsches-frauenarchiv.de\/akteurinnen\/elke-mascha-blankenburg\" target=\"_blank\" rel=\"noopener\">Elke Mascha Blankenburg<\/a> a r\u00e9dig\u00e9 un article sur les compositrices oubli\u00e9es dans le magazine <em>emma<\/em> (<a href=\"https:\/\/www.emma.de\/lesesaal\/45142\" target=\"_blank\" rel=\"noopener\">lien vers l&rsquo;article original<\/a> p. 44-46). Peu de temps apr\u00e8s, des musiciennes et compositrices du monde entier se sont r\u00e9unies pour former un groupe de travail. L&rsquo;appel de Blankenburg de \u00ab\u00a0d\u00e9terrer et jouer des compositions de femmes\u00a0\u00bb fut rapidement mis en pratique, par elle, et les membres du l&rsquo;Internationaler Arbeitkreis Frau und Musik fond\u00e9 en 1979. Jusqu&rsquo;en Octobre 1979, quatre r\u00e9unions du groupe de travail eurent lieu, et le nombre de membres augmenta brusquement pour atteindre plus de 100. Le comit\u00e9 directeur original \u00e9tait compos\u00e9 d&rsquo;Elke Mascha Blankenburg en tant que premi\u00e8re pr\u00e9sidente, de <a href=\"https:\/\/de.wikipedia.org\/wiki\/Siegrid_Ernst\" target=\"_blank\" rel=\"noopener\">Siegrid Ernst<\/a> en tant que deuxi\u00e8me pr\u00e9sidente, et de <a href=\"https:\/\/de.wikipedia.org\/wiki\/Barbara_Heller\" target=\"_blank\" rel=\"noopener\">Barbara Heller<\/a> en tant que troisi\u00e8me pr\u00e9sidente.<\/p>\n<h3>Pourquoi des archives?<\/h3>\n<p>\u00ab\u00a0Si l&rsquo;on pose la question: Y a-t-il des compositrices? la question qui s\u2019ensuit in\u00e9vitablement: o\u00f9 sont leurs \u0153uvres?\u00a0\u00bb, d\u00e9clare Renate Matthei, pr\u00e9sidente du comit\u00e9 directeur du groupe de travail Femme et musique de 1992 \u00e0 2013. Les fondatrices des archives se posaient sans doute d\u00e9j\u00e0 cette question. Elke Mascha Blankenburg a commenc\u00e9 \u00e0 fouiller dans l&rsquo;ensemble des partitions de l&rsquo;Institut de musicologie de Cologne, pour finalement tomber sur un nombre inhabituellement \u00e9lev\u00e9 de compositrices: \u00ab\u00a0J&rsquo;ai explos\u00e9 d&rsquo;excitation. Comment cette musique allait-elle sonner? Serait-elle aussi bonne que celle de leurs coll\u00e8gues masculins? Comment ces femmes vivaient-elles?\u00a0\u00bb Sa d\u00e9couverte a donn\u00e9 l&rsquo;inspiration pour des recherches encore plus intensives dans ce domaine, jusqu&rsquo;\u00e0 aujourd&rsquo;hui. En l&rsquo;espace d&rsquo;un an seulement, avec l&rsquo;aide des membres de l&rsquo;association Internationale Arbeitskreis Frau und Musik e. V., quelques 300 noms de compositrices avaient \u00e9t\u00e9 trouv\u00e9s dans diverses biblioth\u00e8ques musicales. Archiv Frau und Musik \u00e9tait n\u00e9.<\/p>\n<h3>Ce qui s&rsquo;est pass\u00e9 ensuite<\/h3>\n<p>Ce qui \u00e9tait au d\u00e9part une initiative priv\u00e9e s&rsquo;est rapidement transform\u00e9e en une institution importante dans le domaine des femmes et de la musique. Apr\u00e8s sept ans d&rsquo;activit\u00e9s b\u00e9n\u00e9voles, un soutien financier fixe a permis l&rsquo;engagement r\u00e9gulier et qualifi\u00e9 de collaborateurs et collaboratrices permanent(e)s. En outre, les archives ont d\u00e9m\u00e9nag\u00e9 pour la premi\u00e8re fois dans leurs propres locaux avec l&rsquo;aide de la ville de Kassel. Apr\u00e8s trois autres d\u00e9m\u00e9nagements, les archives se trouvent d\u00e9sormais dans les <a href=\"https:\/\/hoffmanns-hoefe.de\/\" target=\"_blank\" rel=\"noopener\">hoffmanns h\u00f6fe<\/a> \u00e0 Francfort-sur-le-Main, o\u00f9 elles ont trouv\u00e9 leur place non seulement au sein d&rsquo;une excellente infrastructure, mais aussi dans la vie culturelle de la m\u00e9tropole du Main.<\/p>\n<h3>Temps pr\u00e9sent<\/h3>\n<p>Les archives sont g\u00e9r\u00e9es par le comit\u00e9 directeur de l&rsquo;association Internationale Arbeitskreis Frau und Musik e. V., qui se compose actuellement de Mary Ellen Kitchens, Dr. Vera Lasch, et Heike Matthiesen. Vivienne Olive, Elisabeth Treydte, Uta Walther, et Mareike Hilbrig font partie du comit\u00e9 directeur \u00e9largi (<a href=\"https:\/\/www.archiv-frau-musik.de\/fr\/vorstand-iak-frau-und-musik-2\">cliquez ici pour acc\u00e9der \u00e0 la page du comit\u00e9 directeur<\/a>). En 2013, Archiv Frau und Musik a d\u00fb faire face \u00e0 des pertes financi\u00e8res en raison de mesures d&rsquo;\u00e9conomie prises par la ville de Francfort. Jusqu&rsquo;en 2018, elles se trouvaient sur la liste rouge des institutions culturelles menac\u00e9es.<\/p>\n<h3>Prix et distinctions<\/h3>\n<p>L&rsquo;association Internationale Arbeitskreis Frau und Musik e. V. a re\u00e7u les prix et distinctions suivant(e)s pour son travail exceptionnel:<\/p>\n<p>Prix d&rsquo;encouragement culturel de la ville de Kassel (1994) | Prix d&rsquo;encouragement de la fondation Dr.-Wolfgang-Zippel (1996) | Prix d&rsquo;encouragement de la fondation Paul-Dierichs de Kassel (1999) avec Dierichs-Award<\/p>\n<p><div id='gallery-1' class='gallery galleryid-4879 gallery-columns-4 gallery-size-medium'><figure class='gallery-item'>\n\t\t\t<div class='gallery-icon portrait'>\n\t\t\t\t<img loading=\"lazy\" decoding=\"async\" width=\"135\" height=\"204\" src=\"https:\/\/www.archiv-frau-musik.de\/wp-content\/uploads\/2018\/02\/Kulturfoerderpreis-kassel94-web.jpg\" class=\"attachment-medium size-medium\" alt=\"\" \/>\n\t\t\t<\/div><\/figure><figure class='gallery-item'>\n\t\t\t<div class='gallery-icon portrait'>\n\t\t\t\t<img loading=\"lazy\" decoding=\"async\" width=\"135\" height=\"191\" src=\"https:\/\/www.archiv-frau-musik.de\/wp-content\/uploads\/2018\/02\/Dr.WolfgangZippel-Stiftung-web.jpg\" class=\"attachment-medium size-medium\" alt=\"\" \/>\n\t\t\t<\/div><\/figure><figure class='gallery-item'>\n\t\t\t<div class='gallery-icon portrait'>\n\t\t\t\t<img loading=\"lazy\" decoding=\"async\" width=\"135\" height=\"212\" src=\"https:\/\/www.archiv-frau-musik.de\/wp-content\/uploads\/2018\/02\/Dierichs2-final.jpg\" class=\"attachment-medium size-medium\" alt=\"\" \/>\n\t\t\t<\/div><\/figure><figure class='gallery-item'>\n\t\t\t<div class='gallery-icon portrait'>\n\t\t\t\t<img loading=\"lazy\" decoding=\"async\" width=\"120\" height=\"141\" src=\"https:\/\/www.archiv-frau-musik.de\/wp-content\/uploads\/2018\/02\/Dierich-Pokal.jpg\" class=\"attachment-medium size-medium\" alt=\"\" \/>\n\t\t\t<\/div><\/figure>\n\t\t<\/div>\n<\/p>","protected":false},"excerpt":{"rendered":"<p>Comment tout a commenc\u00e9 En automne 1977, la chef d&rsquo;orchestre Elke Mascha Blankenburg a r\u00e9dig\u00e9 un article sur les compositrices oubli\u00e9es dans le magazine emma (lien vers l&rsquo;article original p. 44-46). Peu de temps apr\u00e8s, des musiciennes et compositrices du monde entier se sont r\u00e9unies pour former un groupe de travail. L&rsquo;appel de Blankenburg de &#8230; <a title=\"Association\" class=\"read-more\" href=\"https:\/\/www.archiv-frau-musik.de\/fr\/verein-iak-frau-und-musik\" aria-label=\"En savoir plus sur Association\">Weiterlesen &#8230;<\/a><\/p>\n","protected":false},"author":5,"featured_media":0,"parent":0,"menu_order":0,"comment_status":"closed","ping_status":"closed","template":"","meta":{"generate_page_header":"","footnotes":""},"class_list":["post-4879","page","type-page","status-publish"],"yoast_head":"<!-- This site is optimized with the Yoast SEO plugin v27.5 - https:\/\/yoast.com\/product\/yoast-seo-wordpress\/ -->\n<title>Association &#8211; Archiv Frau und Musik<\/title>\n<meta name=\"description\" content=\"En automne 1977, la chef d&#039;orchestre Elke Mascha Blankenburg a r\u00e9dig\u00e9 un article sur les compositrices oubli\u00e9es dans le magazine &quot;emma&quot;\" \/>\n<meta name=\"robots\" content=\"index, follow, max-snippet:-1, max-image-preview:large, max-video-preview:-1\" \/>\n<link rel=\"canonical\" href=\"https:\/\/www.archiv-frau-musik.de\/fr\/verein-iak-frau-und-musik\" \/>\n<meta property=\"og:locale\" content=\"fr_FR\" \/>\n<meta property=\"og:type\" content=\"article\" \/>\n<meta property=\"og:title\" content=\"Association &#8211; Archiv Frau und Musik\" \/>\n<meta property=\"og:description\" content=\"En automne 1977, la chef d&#039;orchestre Elke Mascha Blankenburg a r\u00e9dig\u00e9 un article sur les compositrices oubli\u00e9es dans le magazine &quot;emma&quot;\" \/>\n<meta property=\"og:url\" content=\"https:\/\/www.archiv-frau-musik.de\/fr\/verein-iak-frau-und-musik\" \/>\n<meta property=\"og:site_name\" content=\"Archiv Frau und Musik\" \/>\n<meta property=\"article:modified_time\" content=\"2026-01-22T21:11:11+00:00\" \/>\n<meta property=\"og:image\" content=\"https:\/\/www.archiv-frau-musik.de\/wp-content\/uploads\/2018\/02\/Kulturfoerderpreis-kassel94-web.jpg\" \/>\n<meta name=\"twitter:card\" content=\"summary_large_image\" \/>\n<meta name=\"twitter:label1\" content=\"Dur\u00e9e de lecture estim\u00e9e\" \/>\n\t<meta name=\"twitter:data1\" content=\"4 minutes\" \/>\n<script type=\"application\/ld+json\" class=\"yoast-schema-graph\">{\"@context\":\"https:\\\/\\\/schema.org\",\"@graph\":[{\"@type\":\"WebPage\",\"@id\":\"https:\\\/\\\/www.archiv-frau-musik.de\\\/fr\\\/verein-iak-frau-und-musik\",\"url\":\"https:\\\/\\\/www.archiv-frau-musik.de\\\/fr\\\/verein-iak-frau-und-musik\",\"name\":\"Association &#8211; Archiv Frau und Musik\",\"isPartOf\":{\"@id\":\"https:\\\/\\\/www.archiv-frau-musik.de\\\/fr\\\/#website\"},\"datePublished\":\"2018-01-31T14:09:46+00:00\",\"dateModified\":\"2026-01-22T21:11:11+00:00\",\"description\":\"En automne 1977, la chef d'orchestre Elke Mascha Blankenburg a r\u00e9dig\u00e9 un article sur les compositrices oubli\u00e9es dans le magazine \\\"emma\\\"\",\"breadcrumb\":{\"@id\":\"https:\\\/\\\/www.archiv-frau-musik.de\\\/fr\\\/verein-iak-frau-und-musik#breadcrumb\"},\"inLanguage\":\"fr-FR\",\"potentialAction\":[{\"@type\":\"ReadAction\",\"target\":[[\"https:\\\/\\\/www.archiv-frau-musik.de\\\/fr\\\/verein-iak-frau-und-musik\"]]}]},{\"@type\":\"BreadcrumbList\",\"@id\":\"https:\\\/\\\/www.archiv-frau-musik.de\\\/fr\\\/verein-iak-frau-und-musik#breadcrumb\",\"itemListElement\":[{\"@type\":\"ListItem\",\"position\":1,\"name\":\"Startseite\",\"item\":\"https:\\\/\\\/www.archiv-frau-musik.de\\\/fr\\\/\"},{\"@type\":\"ListItem\",\"position\":2,\"name\":\"Verein IAK Frau und Musik\"}]},{\"@type\":\"WebSite\",\"@id\":\"https:\\\/\\\/www.archiv-frau-musik.de\\\/fr\\\/#website\",\"url\":\"https:\\\/\\\/www.archiv-frau-musik.de\\\/fr\\\/\",\"name\":\"Archiv Frau und Musik\",\"description\":\"\",\"potentialAction\":[{\"@type\":\"SearchAction\",\"target\":{\"@type\":\"EntryPoint\",\"urlTemplate\":\"https:\\\/\\\/www.archiv-frau-musik.de\\\/fr\\\/?s={search_term_string}\"},\"query-input\":{\"@type\":\"PropertyValueSpecification\",\"valueRequired\":true,\"valueName\":\"search_term_string\"}}],\"inLanguage\":\"fr-FR\"}]}<\/script>\n<!-- \/ Yoast SEO plugin. -->","yoast_head_json":{"title":"Association &#8211; Archiv Frau und Musik","description":"En automne 1977, la chef d'orchestre Elke Mascha Blankenburg a r\u00e9dig\u00e9 un article sur les compositrices oubli\u00e9es dans le magazine \"emma\"","robots":{"index":"index","follow":"follow","max-snippet":"max-snippet:-1","max-image-preview":"max-image-preview:large","max-video-preview":"max-video-preview:-1"},"canonical":"https:\/\/www.archiv-frau-musik.de\/fr\/verein-iak-frau-und-musik","og_locale":"fr_FR","og_type":"article","og_title":"Association &#8211; Archiv Frau und Musik","og_description":"En automne 1977, la chef d'orchestre Elke Mascha Blankenburg a r\u00e9dig\u00e9 un article sur les compositrices oubli\u00e9es dans le magazine \"emma\"","og_url":"https:\/\/www.archiv-frau-musik.de\/fr\/verein-iak-frau-und-musik","og_site_name":"Archiv Frau und Musik","article_modified_time":"2026-01-22T21:11:11+00:00","og_image":[{"url":"https:\/\/www.archiv-frau-musik.de\/wp-content\/uploads\/2018\/02\/Kulturfoerderpreis-kassel94-web.jpg","type":"","width":"","height":""}],"twitter_card":"summary_large_image","twitter_misc":{"Dur\u00e9e de lecture estim\u00e9e":"4 minutes"},"schema":{"@context":"https:\/\/schema.org","@graph":[{"@type":"WebPage","@id":"https:\/\/www.archiv-frau-musik.de\/fr\/verein-iak-frau-und-musik","url":"https:\/\/www.archiv-frau-musik.de\/fr\/verein-iak-frau-und-musik","name":"Association &#8211; Archiv Frau und Musik","isPartOf":{"@id":"https:\/\/www.archiv-frau-musik.de\/fr\/#website"},"datePublished":"2018-01-31T14:09:46+00:00","dateModified":"2026-01-22T21:11:11+00:00","description":"En automne 1977, la chef d'orchestre Elke Mascha Blankenburg a r\u00e9dig\u00e9 un article sur les compositrices oubli\u00e9es dans le magazine \"emma\"","breadcrumb":{"@id":"https:\/\/www.archiv-frau-musik.de\/fr\/verein-iak-frau-und-musik#breadcrumb"},"inLanguage":"fr-FR","potentialAction":[{"@type":"ReadAction","target":[["https:\/\/www.archiv-frau-musik.de\/fr\/verein-iak-frau-und-musik"]]}]},{"@type":"BreadcrumbList","@id":"https:\/\/www.archiv-frau-musik.de\/fr\/verein-iak-frau-und-musik#breadcrumb","itemListElement":[{"@type":"ListItem","position":1,"name":"Startseite","item":"https:\/\/www.archiv-frau-musik.de\/fr\/"},{"@type":"ListItem","position":2,"name":"Verein IAK Frau und Musik"}]},{"@type":"WebSite","@id":"https:\/\/www.archiv-frau-musik.de\/fr\/#website","url":"https:\/\/www.archiv-frau-musik.de\/fr\/","name":"Archiv Frau und Musik","description":"","potentialAction":[{"@type":"SearchAction","target":{"@type":"EntryPoint","urlTemplate":"https:\/\/www.archiv-frau-musik.de\/fr\/?s={search_term_string}"},"query-input":{"@type":"PropertyValueSpecification","valueRequired":true,"valueName":"search_term_string"}}],"inLanguage":"fr-FR"}]}},"_links":{"self":[{"href":"https:\/\/www.archiv-frau-musik.de\/fr\/wp-json\/wp\/v2\/pages\/4879","targetHints":{"allow":["GET"]}}],"collection":[{"href":"https:\/\/www.archiv-frau-musik.de\/fr\/wp-json\/wp\/v2\/pages"}],"about":[{"href":"https:\/\/www.archiv-frau-musik.de\/fr\/wp-json\/wp\/v2\/types\/page"}],"author":[{"embeddable":true,"href":"https:\/\/www.archiv-frau-musik.de\/fr\/wp-json\/wp\/v2\/users\/5"}],"replies":[{"embeddable":true,"href":"https:\/\/www.archiv-frau-musik.de\/fr\/wp-json\/wp\/v2\/comments?post=4879"}],"version-history":[{"count":31,"href":"https:\/\/www.archiv-frau-musik.de\/fr\/wp-json\/wp\/v2\/pages\/4879\/revisions"}],"predecessor-version":[{"id":16158,"href":"https:\/\/www.archiv-frau-musik.de\/fr\/wp-json\/wp\/v2\/pages\/4879\/revisions\/16158"}],"wp:attachment":[{"href":"https:\/\/www.archiv-frau-musik.de\/fr\/wp-json\/wp\/v2\/media?parent=4879"}],"curies":[{"name":"wp","href":"https:\/\/api.w.org\/{rel}","templated":true}]}}