{"id":4873,"date":"2018-01-31T15:08:32","date_gmt":"2018-01-31T14:08:32","guid":{"rendered":"http:\/\/www.archiv-frau-musik.de\/?page_id=4873"},"modified":"2026-01-19T16:40:15","modified_gmt":"2026-01-19T15:40:15","slug":"fachverbaende","status":"publish","type":"page","link":"https:\/\/www.archiv-frau-musik.de\/fr\/fachverbaende","title":{"rendered":"Associations professionnelles"},"content":{"rendered":"<p>Sur ces pages, nous vous proposons un aper\u00e7u de nos r\u00e9seaux et de nos partenaires de collaboration:<\/p>\n<ul>\n<li><a href=\"http:\/\/www.museumsbibliotheken.frankfurt.de\/index.html\" target=\"_blank\" rel=\"noopener\">Frankfurter Museumsbibliotheken<\/a> \u2013 un r\u00e9seau de 18 biblioth\u00e8ques et archives<\/li>\n<li><a href=\"https:\/\/iawm.org\/\" target=\"_blank\" rel=\"noopener\">IAWM<\/a> \u2013 Alliance internationale pour les femmes dans la musique<\/li>\n<li>Conseil allemand de la musique<\/li>\n<li><a href=\"http:\/\/www.iaml.info\/\" target=\"_blank\" rel=\"noopener\">IAML<\/a> \u2013 Association internationale des biblioth\u00e8ques musicales<\/li>\n<li><a href=\"https:\/\/www.gema.de\/\" target=\"_blank\" rel=\"noopener\">GEMA<\/a> \u2013 Soci\u00e9t\u00e9 pour les droits d&rsquo;ex\u00e9cution musicale et de reproduction m\u00e9canique<\/li>\n<li><a href=\"http:\/\/www.ida-dachverband.de\/home\/\" target=\"_blank\" rel=\"noopener\">i.d.a.<\/a> \u2013 Association fa\u00eeti\u00e8re de toutes les archives, biblioth\u00e8ques, et centres de documentation germanophones de femmes lesbiennes<\/li>\n<li><a href=\"https:\/\/www.musicanet.org\/de\/\" target=\"_blank\" rel=\"noopener\">Musica International<\/a> \u2013 Biblioth\u00e8que virtuelle de musique chorale<\/li>\n<li><a href=\"https:\/\/www.musikforschung.de\/\" target=\"_blank\" rel=\"noopener\">Soci\u00e9t\u00e9 de recherche musicale<\/a> (GfM)<\/li>\n<\/ul>\n<p><div id='gallery-3' class='gallery galleryid-4873 gallery-columns-6 gallery-size-medium'><figure class='gallery-item'>\n\t\t\t<div class='gallery-icon landscape'>\n\t\t\t\t<img loading=\"lazy\" decoding=\"async\" width=\"150\" height=\"123\" src=\"https:\/\/www.archiv-frau-musik.de\/wp-content\/uploads\/2018\/02\/Frankfurter-Museumsbib-Verbund-logo-e1518978673338.png\" class=\"attachment-medium size-medium\" alt=\"\" \/>\n\t\t\t<\/div><\/figure><figure class='gallery-item'>\n\t\t\t<div class='gallery-icon landscape'>\n\t\t\t\t<img loading=\"lazy\" decoding=\"async\" width=\"300\" height=\"90\" src=\"https:\/\/www.archiv-frau-musik.de\/wp-content\/uploads\/2022\/02\/IAWM_logo_RGB-300x90.png\" class=\"attachment-medium size-medium\" alt=\"\" srcset=\"https:\/\/www.archiv-frau-musik.de\/wp-content\/uploads\/2022\/02\/IAWM_logo_RGB-300x90.png 300w, https:\/\/www.archiv-frau-musik.de\/wp-content\/uploads\/2022\/02\/IAWM_logo_RGB-1024x309.png 1024w, https:\/\/www.archiv-frau-musik.de\/wp-content\/uploads\/2022\/02\/IAWM_logo_RGB-768x232.png 768w, https:\/\/www.archiv-frau-musik.de\/wp-content\/uploads\/2022\/02\/IAWM_logo_RGB.png 1147w\" sizes=\"auto, (max-width: 300px) 100vw, 300px\" \/>\n\t\t\t<\/div><\/figure><figure class='gallery-item'>\n\t\t\t<div class='gallery-icon landscape'>\n\t\t\t\t<img loading=\"lazy\" decoding=\"async\" width=\"300\" height=\"83\" src=\"https:\/\/www.archiv-frau-musik.de\/wp-content\/uploads\/2022\/02\/DMR_Logo_Orange_Blau_CMYK-300x83.jpg\" class=\"attachment-medium size-medium\" alt=\"\" srcset=\"https:\/\/www.archiv-frau-musik.de\/wp-content\/uploads\/2022\/02\/DMR_Logo_Orange_Blau_CMYK-300x83.jpg 300w, https:\/\/www.archiv-frau-musik.de\/wp-content\/uploads\/2022\/02\/DMR_Logo_Orange_Blau_CMYK-1024x285.jpg 1024w, https:\/\/www.archiv-frau-musik.de\/wp-content\/uploads\/2022\/02\/DMR_Logo_Orange_Blau_CMYK-768x214.jpg 768w, https:\/\/www.archiv-frau-musik.de\/wp-content\/uploads\/2022\/02\/DMR_Logo_Orange_Blau_CMYK-1536x427.jpg 1536w, https:\/\/www.archiv-frau-musik.de\/wp-content\/uploads\/2022\/02\/DMR_Logo_Orange_Blau_CMYK-2048x570.jpg 2048w\" sizes=\"auto, (max-width: 300px) 100vw, 300px\" \/>\n\t\t\t<\/div><\/figure><figure class='gallery-item'>\n\t\t\t<div class='gallery-icon landscape'>\n\t\t\t\t<img loading=\"lazy\" decoding=\"async\" width=\"300\" height=\"149\" src=\"https:\/\/www.archiv-frau-musik.de\/wp-content\/uploads\/2018\/02\/iaml_logo_complete_rgb_800Px-300x149.png\" class=\"attachment-medium size-medium\" alt=\"\" srcset=\"https:\/\/www.archiv-frau-musik.de\/wp-content\/uploads\/2018\/02\/iaml_logo_complete_rgb_800Px-300x149.png 300w, https:\/\/www.archiv-frau-musik.de\/wp-content\/uploads\/2018\/02\/iaml_logo_complete_rgb_800Px-768x380.png 768w, https:\/\/www.archiv-frau-musik.de\/wp-content\/uploads\/2018\/02\/iaml_logo_complete_rgb_800Px-e1518978753136.png 450w\" sizes=\"auto, (max-width: 300px) 100vw, 300px\" \/>\n\t\t\t<\/div><\/figure><figure class='gallery-item'>\n\t\t\t<div class='gallery-icon landscape'>\n\t\t\t\t<img loading=\"lazy\" decoding=\"async\" width=\"300\" height=\"169\" src=\"https:\/\/www.archiv-frau-musik.de\/wp-content\/uploads\/2018\/02\/GEMA-Logo-klein-300x169.png\" class=\"attachment-medium size-medium\" alt=\"\" srcset=\"https:\/\/www.archiv-frau-musik.de\/wp-content\/uploads\/2018\/02\/GEMA-Logo-klein-300x169.png 300w, https:\/\/www.archiv-frau-musik.de\/wp-content\/uploads\/2018\/02\/GEMA-Logo-klein-e1518978775774.png 500w\" sizes=\"auto, (max-width: 300px) 100vw, 300px\" \/>\n\t\t\t<\/div><\/figure><figure class='gallery-item'>\n\t\t\t<div class='gallery-icon landscape'>\n\t\t\t\t<img loading=\"lazy\" decoding=\"async\" width=\"300\" height=\"88\" src=\"https:\/\/www.archiv-frau-musik.de\/wp-content\/uploads\/2018\/02\/Abb2_ida_Logo-300x88.png\" class=\"attachment-medium size-medium\" alt=\"\" srcset=\"https:\/\/www.archiv-frau-musik.de\/wp-content\/uploads\/2018\/02\/Abb2_ida_Logo-300x88.png 300w, https:\/\/www.archiv-frau-musik.de\/wp-content\/uploads\/2018\/02\/Abb2_ida_Logo-768x225.png 768w, https:\/\/www.archiv-frau-musik.de\/wp-content\/uploads\/2018\/02\/Abb2_ida_Logo-e1518978791657.png 800w\" sizes=\"auto, (max-width: 300px) 100vw, 300px\" \/>\n\t\t\t<\/div><\/figure>\n\t\t<\/div>\n<\/p>","protected":false},"excerpt":{"rendered":"<p>Sur ces pages, nous vous proposons un aper\u00e7u de nos r\u00e9seaux et de nos partenaires de collaboration: Frankfurter Museumsbibliotheken \u2013 un r\u00e9seau de 18 biblioth\u00e8ques et archives IAWM \u2013 Alliance internationale pour les femmes dans la musique Conseil allemand de la musique IAML \u2013 Association internationale des biblioth\u00e8ques musicales GEMA \u2013 Soci\u00e9t\u00e9 pour les droits &#8230; <a title=\"Associations professionnelles\" class=\"read-more\" href=\"https:\/\/www.archiv-frau-musik.de\/fr\/fachverbaende\" aria-label=\"En savoir plus sur Associations professionnelles\">Weiterlesen &#8230;<\/a><\/p>\n","protected":false},"author":5,"featured_media":0,"parent":0,"menu_order":0,"comment_status":"closed","ping_status":"closed","template":"","meta":{"generate_page_header":"","footnotes":""},"class_list":["post-4873","page","type-page","status-publish"],"yoast_head":"<!-- This site is optimized with the Yoast SEO plugin v27.5 - https:\/\/yoast.com\/product\/yoast-seo-wordpress\/ -->\n<title>Associations professionnelles &#8211; Archiv Frau und Musik<\/title>\n<meta name=\"description\" content=\"Sur ces pages, nous vous proposons un aper\u00e7u de nos r\u00e9seaux et de nos partenaires de collaboration des Archives Frau und Musik.\" \/>\n<meta name=\"robots\" content=\"index, follow, max-snippet:-1, max-image-preview:large, max-video-preview:-1\" \/>\n<link rel=\"canonical\" href=\"https:\/\/www.archiv-frau-musik.de\/fr\/fachverbaende\" \/>\n<meta property=\"og:locale\" content=\"fr_FR\" \/>\n<meta property=\"og:type\" content=\"article\" \/>\n<meta property=\"og:title\" content=\"Associations professionnelles &#8211; Archiv Frau und Musik\" \/>\n<meta property=\"og:description\" content=\"Sur ces pages, nous vous proposons un aper\u00e7u de nos r\u00e9seaux et de nos partenaires de collaboration des Archives Frau und Musik.\" \/>\n<meta property=\"og:url\" content=\"https:\/\/www.archiv-frau-musik.de\/fr\/fachverbaende\" \/>\n<meta property=\"og:site_name\" content=\"Archiv Frau und Musik\" \/>\n<meta property=\"article:modified_time\" content=\"2026-01-19T15:40:15+00:00\" \/>\n<meta property=\"og:image\" content=\"https:\/\/www.archiv-frau-musik.de\/wp-content\/uploads\/2018\/02\/Frankfurter-Museumsbib-Verbund-logo-e1518978673338.png\" \/>\n<meta name=\"twitter:card\" content=\"summary_large_image\" \/>\n<meta name=\"twitter:label1\" content=\"Dur\u00e9e de lecture estim\u00e9e\" \/>\n\t<meta name=\"twitter:data1\" content=\"1 minute\" \/>\n<script type=\"application\/ld+json\" class=\"yoast-schema-graph\">{\"@context\":\"https:\\\/\\\/schema.org\",\"@graph\":[{\"@type\":\"WebPage\",\"@id\":\"https:\\\/\\\/www.archiv-frau-musik.de\\\/fr\\\/fachverbaende\",\"url\":\"https:\\\/\\\/www.archiv-frau-musik.de\\\/fr\\\/fachverbaende\",\"name\":\"Associations professionnelles &#8211; Archiv Frau und Musik\",\"isPartOf\":{\"@id\":\"https:\\\/\\\/www.archiv-frau-musik.de\\\/fr\\\/#website\"},\"datePublished\":\"2018-01-31T14:08:32+00:00\",\"dateModified\":\"2026-01-19T15:40:15+00:00\",\"description\":\"Sur ces pages, nous vous proposons un aper\u00e7u de nos r\u00e9seaux et de nos partenaires de collaboration des Archives Frau und Musik.\",\"breadcrumb\":{\"@id\":\"https:\\\/\\\/www.archiv-frau-musik.de\\\/fr\\\/fachverbaende#breadcrumb\"},\"inLanguage\":\"fr-FR\",\"potentialAction\":[{\"@type\":\"ReadAction\",\"target\":[[\"https:\\\/\\\/www.archiv-frau-musik.de\\\/fr\\\/fachverbaende\"]]}]},{\"@type\":\"BreadcrumbList\",\"@id\":\"https:\\\/\\\/www.archiv-frau-musik.de\\\/fr\\\/fachverbaende#breadcrumb\",\"itemListElement\":[{\"@type\":\"ListItem\",\"position\":1,\"name\":\"Startseite\",\"item\":\"https:\\\/\\\/www.archiv-frau-musik.de\\\/fr\\\/\"},{\"@type\":\"ListItem\",\"position\":2,\"name\":\"Fachverb\u00e4nde\"}]},{\"@type\":\"WebSite\",\"@id\":\"https:\\\/\\\/www.archiv-frau-musik.de\\\/fr\\\/#website\",\"url\":\"https:\\\/\\\/www.archiv-frau-musik.de\\\/fr\\\/\",\"name\":\"Archiv Frau und Musik\",\"description\":\"\",\"potentialAction\":[{\"@type\":\"SearchAction\",\"target\":{\"@type\":\"EntryPoint\",\"urlTemplate\":\"https:\\\/\\\/www.archiv-frau-musik.de\\\/fr\\\/?s={search_term_string}\"},\"query-input\":{\"@type\":\"PropertyValueSpecification\",\"valueRequired\":true,\"valueName\":\"search_term_string\"}}],\"inLanguage\":\"fr-FR\"}]}<\/script>\n<!-- \/ Yoast SEO plugin. -->","yoast_head_json":{"title":"Associations professionnelles &#8211; Archiv Frau und Musik","description":"Sur ces pages, nous vous proposons un aper\u00e7u de nos r\u00e9seaux et de nos partenaires de collaboration des Archives Frau und Musik.","robots":{"index":"index","follow":"follow","max-snippet":"max-snippet:-1","max-image-preview":"max-image-preview:large","max-video-preview":"max-video-preview:-1"},"canonical":"https:\/\/www.archiv-frau-musik.de\/fr\/fachverbaende","og_locale":"fr_FR","og_type":"article","og_title":"Associations professionnelles &#8211; Archiv Frau und Musik","og_description":"Sur ces pages, nous vous proposons un aper\u00e7u de nos r\u00e9seaux et de nos partenaires de collaboration des Archives Frau und Musik.","og_url":"https:\/\/www.archiv-frau-musik.de\/fr\/fachverbaende","og_site_name":"Archiv Frau und Musik","article_modified_time":"2026-01-19T15:40:15+00:00","og_image":[{"url":"https:\/\/www.archiv-frau-musik.de\/wp-content\/uploads\/2018\/02\/Frankfurter-Museumsbib-Verbund-logo-e1518978673338.png","type":"","width":"","height":""}],"twitter_card":"summary_large_image","twitter_misc":{"Dur\u00e9e de lecture estim\u00e9e":"1 minute"},"schema":{"@context":"https:\/\/schema.org","@graph":[{"@type":"WebPage","@id":"https:\/\/www.archiv-frau-musik.de\/fr\/fachverbaende","url":"https:\/\/www.archiv-frau-musik.de\/fr\/fachverbaende","name":"Associations professionnelles &#8211; Archiv Frau und Musik","isPartOf":{"@id":"https:\/\/www.archiv-frau-musik.de\/fr\/#website"},"datePublished":"2018-01-31T14:08:32+00:00","dateModified":"2026-01-19T15:40:15+00:00","description":"Sur ces pages, nous vous proposons un aper\u00e7u de nos r\u00e9seaux et de nos partenaires de collaboration des Archives Frau und Musik.","breadcrumb":{"@id":"https:\/\/www.archiv-frau-musik.de\/fr\/fachverbaende#breadcrumb"},"inLanguage":"fr-FR","potentialAction":[{"@type":"ReadAction","target":[["https:\/\/www.archiv-frau-musik.de\/fr\/fachverbaende"]]}]},{"@type":"BreadcrumbList","@id":"https:\/\/www.archiv-frau-musik.de\/fr\/fachverbaende#breadcrumb","itemListElement":[{"@type":"ListItem","position":1,"name":"Startseite","item":"https:\/\/www.archiv-frau-musik.de\/fr\/"},{"@type":"ListItem","position":2,"name":"Fachverb\u00e4nde"}]},{"@type":"WebSite","@id":"https:\/\/www.archiv-frau-musik.de\/fr\/#website","url":"https:\/\/www.archiv-frau-musik.de\/fr\/","name":"Archiv Frau und Musik","description":"","potentialAction":[{"@type":"SearchAction","target":{"@type":"EntryPoint","urlTemplate":"https:\/\/www.archiv-frau-musik.de\/fr\/?s={search_term_string}"},"query-input":{"@type":"PropertyValueSpecification","valueRequired":true,"valueName":"search_term_string"}}],"inLanguage":"fr-FR"}]}},"_links":{"self":[{"href":"https:\/\/www.archiv-frau-musik.de\/fr\/wp-json\/wp\/v2\/pages\/4873","targetHints":{"allow":["GET"]}}],"collection":[{"href":"https:\/\/www.archiv-frau-musik.de\/fr\/wp-json\/wp\/v2\/pages"}],"about":[{"href":"https:\/\/www.archiv-frau-musik.de\/fr\/wp-json\/wp\/v2\/types\/page"}],"author":[{"embeddable":true,"href":"https:\/\/www.archiv-frau-musik.de\/fr\/wp-json\/wp\/v2\/users\/5"}],"replies":[{"embeddable":true,"href":"https:\/\/www.archiv-frau-musik.de\/fr\/wp-json\/wp\/v2\/comments?post=4873"}],"version-history":[{"count":30,"href":"https:\/\/www.archiv-frau-musik.de\/fr\/wp-json\/wp\/v2\/pages\/4873\/revisions"}],"predecessor-version":[{"id":16115,"href":"https:\/\/www.archiv-frau-musik.de\/fr\/wp-json\/wp\/v2\/pages\/4873\/revisions\/16115"}],"wp:attachment":[{"href":"https:\/\/www.archiv-frau-musik.de\/fr\/wp-json\/wp\/v2\/media?parent=4873"}],"curies":[{"name":"wp","href":"https:\/\/api.w.org\/{rel}","templated":true}]}}