{"id":5707,"date":"2018-03-25T11:31:55","date_gmt":"2018-03-25T09:31:55","guid":{"rendered":"http:\/\/www.archiv-frau-musik.de\/?page_id=5707"},"modified":"2022-11-12T19:18:51","modified_gmt":"2022-11-12T18:18:51","slug":"thementag-chorwochenende","status":"publish","type":"page","link":"https:\/\/www.archiv-frau-musik.de\/en\/thementag-chorwochenende","title":{"rendered":"Theme Day: Choir Weekend"},"content":{"rendered":"<p>Workshop on women choral composers at the Archiv Frau und Musik \u2013 NACHKLANG<\/p>\n<p>On Sunday 14 January 2018, the workshop concert from the series <a href=\"https:\/\/www.archiv-frau-musik.de\/en\/komponistinnen-welten\"><em>Komponistinnen-Welten<\/em><\/a> featuring choral music by women composers took place in the Aula of the hoffmanns h\u00f6fe in Frankfurt am Main. The participating choral singers came together from all over Germany for an entire weekend, intensively rehearsing and performing the works selected and rehearsed by Mary Ellen Kitchens (board member of Archiv Frau und Musik, choir and orchestra director in Munich) and Mareike Hilbrig (choir director and music teacher from Marburg). Both choral conductors complemented each other congenially, which further fired up the participants.<\/p>\n<p>The programme of the choir workshop included literature by Agathe Backer-Grondahl, Fanny Hensel, Felicitas Kukuck, Elise Lavater, Carole Nelson, Vivienne Olive, Clara Schumann, Undine Smith Moore Judith Weir, and Erna Woll.<\/p>\n<p>The participants found the choral cycle <em>Wohin ich immer reise<\/em> (1994) by Erna Woll, based on the poem of the same name by Mascha Kal\u00e9ko, particularly impressive and leaving a deep impression. Guided tours through the archive for the participants, as well as for the visitors of the workshop concert, lead by our staff members Susanne Wosnitzka and Daniela Weber, gave an insight into the history of the archive, the treasures, and future possibilities which the digitisation project of the Digital German Women&#8217;s Archive (DDF) will bring.<\/p>\n<p>The auditorium of the hoffmanns h\u00f6fe was well filled on the concert day \u2013 many interested people from Frankfurt and beyond came to attend. The participants agreed that such a workshop should be held again in 2019, so that more rarely heard works by women resound. Mareike Hilbrig and Mary Ellen Kitchens also received an invitation to speak at the German Choral Directors&#8217; Forum in January 2019 (Limburg a. d. Lahn) about archival work and about choral repertoire of women composers.<\/p>\n<p><div id='gallery-2' class='gallery galleryid-5707 gallery-columns-4 gallery-size-thumbnail'><figure class='gallery-item'>\n\t\t\t<div class='gallery-icon landscape'>\n\t\t\t\t<img loading=\"lazy\" decoding=\"async\" width=\"150\" height=\"150\" src=\"https:\/\/www.archiv-frau-musik.de\/wp-content\/uploads\/2018\/03\/26734158_1261665583934801_9178055074657931868_n-150x150.jpg\" class=\"attachment-thumbnail size-thumbnail\" alt=\"Mary Ellen Kitchens erl\u00e4utert den Zuh\u00f6rerinnen und Zuh\u00f6rern die Besonderheiten der ausgew\u00e4hlten Werke \u00a9 Archiv Frau und Musik\" aria-describedby=\"gallery-2-5725\" srcset=\"https:\/\/www.archiv-frau-musik.de\/wp-content\/uploads\/2018\/03\/26734158_1261665583934801_9178055074657931868_n-150x150.jpg 150w, https:\/\/www.archiv-frau-musik.de\/wp-content\/uploads\/2018\/03\/26734158_1261665583934801_9178055074657931868_n-45x45.jpg 45w\" sizes=\"auto, (max-width: 150px) 100vw, 150px\" \/>\n\t\t\t<\/div>\n\t\t\t\t<figcaption class='wp-caption-text gallery-caption' id='gallery-2-5725'>\n\t\t\t\tMary Ellen Kitchens explains the unique features of the selected works to the listeners \u00a9 Archiv Frau und Musik\n\t\t\t\t<\/figcaption><\/figure><figure class='gallery-item'>\n\t\t\t<div class='gallery-icon landscape'>\n\t\t\t\t<img loading=\"lazy\" decoding=\"async\" width=\"150\" height=\"150\" src=\"https:\/\/www.archiv-frau-musik.de\/wp-content\/uploads\/2018\/03\/26841406_1261665510601475_6565796689936560022_o-150x150.jpg\" class=\"attachment-thumbnail size-thumbnail\" alt=\"\" aria-describedby=\"gallery-2-5728\" srcset=\"https:\/\/www.archiv-frau-musik.de\/wp-content\/uploads\/2018\/03\/26841406_1261665510601475_6565796689936560022_o-150x150.jpg 150w, https:\/\/www.archiv-frau-musik.de\/wp-content\/uploads\/2018\/03\/26841406_1261665510601475_6565796689936560022_o-45x45.jpg 45w\" sizes=\"auto, (max-width: 150px) 100vw, 150px\" \/>\n\t\t\t<\/div>\n\t\t\t\t<figcaption class='wp-caption-text gallery-caption' id='gallery-2-5728'>\n\t\t\t\tMary Ellen Kitchens erl\u00e4utert die Entstehungsgeschichte ausgew\u00e4hlter Chorwerke \u00a9 Archiv Frau und Musik\n\t\t\t\t<\/figcaption><\/figure><figure class='gallery-item'>\n\t\t\t<div class='gallery-icon landscape'>\n\t\t\t\t<img loading=\"lazy\" decoding=\"async\" width=\"150\" height=\"150\" src=\"https:\/\/www.archiv-frau-musik.de\/wp-content\/uploads\/2018\/03\/26850432_1261665930601433_848865390893690350_o-150x150.jpg\" class=\"attachment-thumbnail size-thumbnail\" alt=\"\" aria-describedby=\"gallery-2-5729\" srcset=\"https:\/\/www.archiv-frau-musik.de\/wp-content\/uploads\/2018\/03\/26850432_1261665930601433_848865390893690350_o-150x150.jpg 150w, https:\/\/www.archiv-frau-musik.de\/wp-content\/uploads\/2018\/03\/26850432_1261665930601433_848865390893690350_o-45x45.jpg 45w\" sizes=\"auto, (max-width: 150px) 100vw, 150px\" \/>\n\t\t\t<\/div>\n\t\t\t\t<figcaption class='wp-caption-text gallery-caption' id='gallery-2-5729'>\n\t\t\t\tMary Ellen Kitchens spricht \u00fcber das Archiv Frau und Musik und die Suche nach Chorwerken von Komponistinnen \u00a9 Archiv Frau und Musik\n\t\t\t\t<\/figcaption><\/figure><figure class='gallery-item'>\n\t\t\t<div class='gallery-icon landscape'>\n\t\t\t\t<img loading=\"lazy\" decoding=\"async\" width=\"150\" height=\"150\" src=\"https:\/\/www.archiv-frau-musik.de\/wp-content\/uploads\/2018\/03\/26757006_1261665777268115_1142760770207746020_o-150x150.jpg\" class=\"attachment-thumbnail size-thumbnail\" alt=\"\" aria-describedby=\"gallery-2-5726\" srcset=\"https:\/\/www.archiv-frau-musik.de\/wp-content\/uploads\/2018\/03\/26757006_1261665777268115_1142760770207746020_o-150x150.jpg 150w, https:\/\/www.archiv-frau-musik.de\/wp-content\/uploads\/2018\/03\/26757006_1261665777268115_1142760770207746020_o-45x45.jpg 45w\" sizes=\"auto, (max-width: 150px) 100vw, 150px\" \/>\n\t\t\t<\/div>\n\t\t\t\t<figcaption class='wp-caption-text gallery-caption' id='gallery-2-5726'>\n\t\t\t\tW\u00e4hrend der Probe &#8211; alle sind konzentriert dabei, Mareike Hilbrig dirigiert \u00a9 Archiv Frau und Musik\n\t\t\t\t<\/figcaption><\/figure><figure class='gallery-item'>\n\t\t\t<div class='gallery-icon landscape'>\n\t\t\t\t<img loading=\"lazy\" decoding=\"async\" width=\"150\" height=\"150\" src=\"https:\/\/www.archiv-frau-musik.de\/wp-content\/uploads\/2018\/03\/26757222_1261665887268104_1573266115590264830_o-150x150.jpg\" class=\"attachment-thumbnail size-thumbnail\" alt=\"\" aria-describedby=\"gallery-2-5727\" srcset=\"https:\/\/www.archiv-frau-musik.de\/wp-content\/uploads\/2018\/03\/26757222_1261665887268104_1573266115590264830_o-150x150.jpg 150w, https:\/\/www.archiv-frau-musik.de\/wp-content\/uploads\/2018\/03\/26757222_1261665887268104_1573266115590264830_o-45x45.jpg 45w\" sizes=\"auto, (max-width: 150px) 100vw, 150px\" \/>\n\t\t\t<\/div>\n\t\t\t\t<figcaption class='wp-caption-text gallery-caption' id='gallery-2-5727'>\n\t\t\t\tBeim Werkstattkonzert &#8211; Mareike Hilbrig dirigiert \u00a9 Archiv Frau und Musik\n\t\t\t\t<\/figcaption><\/figure><figure class='gallery-item'>\n\t\t\t<div class='gallery-icon landscape'>\n\t\t\t\t<img loading=\"lazy\" decoding=\"async\" width=\"150\" height=\"150\" src=\"https:\/\/www.archiv-frau-musik.de\/wp-content\/uploads\/2018\/03\/26850657_1261665697268123_1228424030971170754_o-150x150.jpg\" class=\"attachment-thumbnail size-thumbnail\" alt=\"\" aria-describedby=\"gallery-2-5730\" srcset=\"https:\/\/www.archiv-frau-musik.de\/wp-content\/uploads\/2018\/03\/26850657_1261665697268123_1228424030971170754_o-150x150.jpg 150w, https:\/\/www.archiv-frau-musik.de\/wp-content\/uploads\/2018\/03\/26850657_1261665697268123_1228424030971170754_o-45x45.jpg 45w\" sizes=\"auto, (max-width: 150px) 100vw, 150px\" \/>\n\t\t\t<\/div>\n\t\t\t\t<figcaption class='wp-caption-text gallery-caption' id='gallery-2-5730'>\n\t\t\t\tW\u00e4hrend der Generalprobe &#8211; alle sind konzentriert dabei, Mareike Hilbrig dirigiert \u00a9 Archiv Frau und Musik\n\t\t\t\t<\/figcaption><\/figure><figure class='gallery-item'>\n\t\t\t<div class='gallery-icon landscape'>\n\t\t\t\t<img loading=\"lazy\" decoding=\"async\" width=\"150\" height=\"150\" src=\"https:\/\/www.archiv-frau-musik.de\/wp-content\/uploads\/2018\/03\/26910530_1261666037268089_7719037604535419780_o-150x150.jpg\" class=\"attachment-thumbnail size-thumbnail\" alt=\"\" aria-describedby=\"gallery-2-5731\" srcset=\"https:\/\/www.archiv-frau-musik.de\/wp-content\/uploads\/2018\/03\/26910530_1261666037268089_7719037604535419780_o-150x150.jpg 150w, https:\/\/www.archiv-frau-musik.de\/wp-content\/uploads\/2018\/03\/26910530_1261666037268089_7719037604535419780_o-45x45.jpg 45w\" sizes=\"auto, (max-width: 150px) 100vw, 150px\" \/>\n\t\t\t<\/div>\n\t\t\t\t<figcaption class='wp-caption-text gallery-caption' id='gallery-2-5731'>\n\t\t\t\tBeim Werkstattkonzert am 14.1.18: Mary Ellen Kitchens dirigiert \u00a9 Archiv Frau und Musik\n\t\t\t\t<\/figcaption><\/figure>\n\t\t<\/div>\n<\/p>","protected":false},"excerpt":{"rendered":"<p>Workshop on women choral composers at the Archiv Frau und Musik \u2013 NACHKLANG On Sunday 14 January 2018, the workshop concert from the series Komponistinnen-Welten featuring choral music by women composers took place in the Aula of the hoffmanns h\u00f6fe in Frankfurt am Main. The participating choral singers came together from all over Germany for &#8230; <a title=\"Theme Day: Choir Weekend\" class=\"read-more\" href=\"https:\/\/www.archiv-frau-musik.de\/en\/thementag-chorwochenende\" aria-label=\"Read more about Theme Day: Choir Weekend\">Weiterlesen &#8230;<\/a><\/p>\n","protected":false},"author":5,"featured_media":0,"parent":0,"menu_order":0,"comment_status":"closed","ping_status":"closed","template":"","meta":{"generate_page_header":"","footnotes":""},"class_list":["post-5707","page","type-page","status-publish"],"yoast_head":"<!-- This site is optimized with the Yoast SEO plugin v27.5 - https:\/\/yoast.com\/product\/yoast-seo-wordpress\/ -->\n<title>Theme Day: Choir Weekend &#8211; Archiv Frau und Musik<\/title>\n<meta name=\"description\" content=\"Les choristes participants sont venus de toute l&#039;Allemagne pour un week-end entier afin de r\u00e9p\u00e9ter et d&#039;interpr\u00e9ter intensivement les \u0153uvres\" \/>\n<meta name=\"robots\" content=\"index, follow, max-snippet:-1, max-image-preview:large, max-video-preview:-1\" \/>\n<link rel=\"canonical\" href=\"https:\/\/www.archiv-frau-musik.de\/en\/thementag-chorwochenende\" \/>\n<meta property=\"og:locale\" content=\"en_US\" \/>\n<meta property=\"og:type\" content=\"article\" \/>\n<meta property=\"og:title\" content=\"Theme Day: Choir Weekend &#8211; Archiv Frau und Musik\" \/>\n<meta property=\"og:description\" content=\"Les choristes participants sont venus de toute l&#039;Allemagne pour un week-end entier afin de r\u00e9p\u00e9ter et d&#039;interpr\u00e9ter intensivement les \u0153uvres\" \/>\n<meta property=\"og:url\" content=\"https:\/\/www.archiv-frau-musik.de\/en\/thementag-chorwochenende\" \/>\n<meta property=\"og:site_name\" content=\"Archiv Frau und Musik\" \/>\n<meta property=\"article:modified_time\" content=\"2022-11-12T18:18:51+00:00\" \/>\n<meta property=\"og:image\" content=\"https:\/\/www.archiv-frau-musik.de\/wp-content\/uploads\/2018\/03\/26734158_1261665583934801_9178055074657931868_n-150x150.jpg\" \/>\n<meta name=\"twitter:card\" content=\"summary_large_image\" \/>\n<meta name=\"twitter:label1\" content=\"Est. reading time\" \/>\n\t<meta name=\"twitter:data1\" content=\"2 minutes\" \/>\n<script type=\"application\/ld+json\" class=\"yoast-schema-graph\">{\"@context\":\"https:\\\/\\\/schema.org\",\"@graph\":[{\"@type\":\"WebPage\",\"@id\":\"https:\\\/\\\/www.archiv-frau-musik.de\\\/en\\\/thementag-chorwochenende\",\"url\":\"https:\\\/\\\/www.archiv-frau-musik.de\\\/en\\\/thementag-chorwochenende\",\"name\":\"Theme Day: Choir Weekend &#8211; Archiv Frau und Musik\",\"isPartOf\":{\"@id\":\"https:\\\/\\\/www.archiv-frau-musik.de\\\/en\\\/#website\"},\"datePublished\":\"2018-03-25T09:31:55+00:00\",\"dateModified\":\"2022-11-12T18:18:51+00:00\",\"description\":\"Les choristes participants sont venus de toute l'Allemagne pour un week-end entier afin de r\u00e9p\u00e9ter et d'interpr\u00e9ter intensivement les \u0153uvres\",\"breadcrumb\":{\"@id\":\"https:\\\/\\\/www.archiv-frau-musik.de\\\/en\\\/thementag-chorwochenende#breadcrumb\"},\"inLanguage\":\"en-US\",\"potentialAction\":[{\"@type\":\"ReadAction\",\"target\":[[\"https:\\\/\\\/www.archiv-frau-musik.de\\\/en\\\/thementag-chorwochenende\"]]}]},{\"@type\":\"BreadcrumbList\",\"@id\":\"https:\\\/\\\/www.archiv-frau-musik.de\\\/en\\\/thementag-chorwochenende#breadcrumb\",\"itemListElement\":[{\"@type\":\"ListItem\",\"position\":1,\"name\":\"Startseite\",\"item\":\"https:\\\/\\\/www.archiv-frau-musik.de\\\/en\\\/\"},{\"@type\":\"ListItem\",\"position\":2,\"name\":\"Thementag: Chorwochenende\"}]},{\"@type\":\"WebSite\",\"@id\":\"https:\\\/\\\/www.archiv-frau-musik.de\\\/en\\\/#website\",\"url\":\"https:\\\/\\\/www.archiv-frau-musik.de\\\/en\\\/\",\"name\":\"Archiv Frau und Musik\",\"description\":\"\",\"potentialAction\":[{\"@type\":\"SearchAction\",\"target\":{\"@type\":\"EntryPoint\",\"urlTemplate\":\"https:\\\/\\\/www.archiv-frau-musik.de\\\/en\\\/?s={search_term_string}\"},\"query-input\":{\"@type\":\"PropertyValueSpecification\",\"valueRequired\":true,\"valueName\":\"search_term_string\"}}],\"inLanguage\":\"en-US\"}]}<\/script>\n<!-- \/ Yoast SEO plugin. -->","yoast_head_json":{"title":"Theme Day: Choir Weekend &#8211; Archiv Frau und Musik","description":"Les choristes participants sont venus de toute l'Allemagne pour un week-end entier afin de r\u00e9p\u00e9ter et d'interpr\u00e9ter intensivement les \u0153uvres","robots":{"index":"index","follow":"follow","max-snippet":"max-snippet:-1","max-image-preview":"max-image-preview:large","max-video-preview":"max-video-preview:-1"},"canonical":"https:\/\/www.archiv-frau-musik.de\/en\/thementag-chorwochenende","og_locale":"en_US","og_type":"article","og_title":"Theme Day: Choir Weekend &#8211; Archiv Frau und Musik","og_description":"Les choristes participants sont venus de toute l'Allemagne pour un week-end entier afin de r\u00e9p\u00e9ter et d'interpr\u00e9ter intensivement les \u0153uvres","og_url":"https:\/\/www.archiv-frau-musik.de\/en\/thementag-chorwochenende","og_site_name":"Archiv Frau und Musik","article_modified_time":"2022-11-12T18:18:51+00:00","og_image":[{"url":"https:\/\/www.archiv-frau-musik.de\/wp-content\/uploads\/2018\/03\/26734158_1261665583934801_9178055074657931868_n-150x150.jpg","type":"","width":"","height":""}],"twitter_card":"summary_large_image","twitter_misc":{"Est. reading time":"2 minutes"},"schema":{"@context":"https:\/\/schema.org","@graph":[{"@type":"WebPage","@id":"https:\/\/www.archiv-frau-musik.de\/en\/thementag-chorwochenende","url":"https:\/\/www.archiv-frau-musik.de\/en\/thementag-chorwochenende","name":"Theme Day: Choir Weekend &#8211; Archiv Frau und Musik","isPartOf":{"@id":"https:\/\/www.archiv-frau-musik.de\/en\/#website"},"datePublished":"2018-03-25T09:31:55+00:00","dateModified":"2022-11-12T18:18:51+00:00","description":"Les choristes participants sont venus de toute l'Allemagne pour un week-end entier afin de r\u00e9p\u00e9ter et d'interpr\u00e9ter intensivement les \u0153uvres","breadcrumb":{"@id":"https:\/\/www.archiv-frau-musik.de\/en\/thementag-chorwochenende#breadcrumb"},"inLanguage":"en-US","potentialAction":[{"@type":"ReadAction","target":[["https:\/\/www.archiv-frau-musik.de\/en\/thementag-chorwochenende"]]}]},{"@type":"BreadcrumbList","@id":"https:\/\/www.archiv-frau-musik.de\/en\/thementag-chorwochenende#breadcrumb","itemListElement":[{"@type":"ListItem","position":1,"name":"Startseite","item":"https:\/\/www.archiv-frau-musik.de\/en\/"},{"@type":"ListItem","position":2,"name":"Thementag: Chorwochenende"}]},{"@type":"WebSite","@id":"https:\/\/www.archiv-frau-musik.de\/en\/#website","url":"https:\/\/www.archiv-frau-musik.de\/en\/","name":"Archiv Frau und Musik","description":"","potentialAction":[{"@type":"SearchAction","target":{"@type":"EntryPoint","urlTemplate":"https:\/\/www.archiv-frau-musik.de\/en\/?s={search_term_string}"},"query-input":{"@type":"PropertyValueSpecification","valueRequired":true,"valueName":"search_term_string"}}],"inLanguage":"en-US"}]}},"_links":{"self":[{"href":"https:\/\/www.archiv-frau-musik.de\/en\/wp-json\/wp\/v2\/pages\/5707","targetHints":{"allow":["GET"]}}],"collection":[{"href":"https:\/\/www.archiv-frau-musik.de\/en\/wp-json\/wp\/v2\/pages"}],"about":[{"href":"https:\/\/www.archiv-frau-musik.de\/en\/wp-json\/wp\/v2\/types\/page"}],"author":[{"embeddable":true,"href":"https:\/\/www.archiv-frau-musik.de\/en\/wp-json\/wp\/v2\/users\/5"}],"replies":[{"embeddable":true,"href":"https:\/\/www.archiv-frau-musik.de\/en\/wp-json\/wp\/v2\/comments?post=5707"}],"version-history":[{"count":15,"href":"https:\/\/www.archiv-frau-musik.de\/en\/wp-json\/wp\/v2\/pages\/5707\/revisions"}],"predecessor-version":[{"id":9650,"href":"https:\/\/www.archiv-frau-musik.de\/en\/wp-json\/wp\/v2\/pages\/5707\/revisions\/9650"}],"wp:attachment":[{"href":"https:\/\/www.archiv-frau-musik.de\/en\/wp-json\/wp\/v2\/media?parent=5707"}],"curies":[{"name":"wp","href":"https:\/\/api.w.org\/{rel}","templated":true}]}}